{"id":227,"date":"2023-09-27T17:47:48","date_gmt":"2023-09-27T17:47:48","guid":{"rendered":"https:\/\/www.ccen.ufpb.br\/profqui\/?page_id=227"},"modified":"2026-08-28T15:01:54","modified_gmt":"2026-08-28T15:01:54","slug":"docentes","status":"publish","type":"page","link":"https:\/\/www.ccen.ufpb.br\/profqui\/institucional\/pessoas\/docentes\/","title":{"rendered":"Docentes"},"content":{"rendered":"<div id=\"pl-227\"  class=\"panel-layout\" ><div id=\"pg-227-0\"  class=\"panel-grid panel-no-style\" ><div id=\"pgc-227-0-0\"  class=\"panel-grid-cell\" ><div id=\"panel-227-0-0-0\" class=\"widget_text so-panel widget widget_custom_html panel-first-child panel-last-child\" data-index=\"0\" ><div class=\"textwidget custom-html-widget\"><!--\n  P\u00c1GINA DE DOCENTES \u2014 PROFQUI\/UFPB\n-->\n\n<style>\n  #profqui-docentes {\n    --pq-azul-escuro: #0f3040;\n    --pq-azul: #2a7fff;\n    --pq-ciano: #00ccff;\n    --pq-turquesa: #00d4aa;\n    --pq-texto: #173344;\n    --pq-suave: #526d7d;\n    --pq-fundo: #f3f9fb;\n    --pq-borda: #c8dce5;\n    width: 100%;\n    max-width: 1180px;\n    margin: 0 auto;\n    padding: clamp(12px, 2vw, 24px) 0 clamp(44px, 7vw, 78px);\n    color: var(--pq-texto);\n    font-family: inherit;\n    font-size: 16px;\n    line-height: 1.6;\n  }\n\n  #profqui-docentes,\n  #profqui-docentes * {\n    box-sizing: border-box;\n  }\n\n  #profqui-docentes .pq-docentes__cabecalho {\n    position: relative;\n    margin: 0 0 clamp(30px, 5vw, 52px);\n    padding: clamp(27px, 5vw, 52px);\n    overflow: hidden;\n    color: #ffffff;\n    background:\n      radial-gradient(circle at 88% 18%, rgba(0, 204, 255, 0.24), transparent 31%),\n      linear-gradient(125deg, #0f3040 0%, #174a66 56%, #006b75 100%);\n    border: 1px solid rgba(0, 204, 255, 0.32);\n    border-radius: 22px;\n    box-shadow: 0 18px 45px rgba(15, 48, 64, 0.18);\n  }\n\n  #profqui-docentes .pq-docentes__cabecalho::after {\n    position: absolute;\n    top: -92px;\n    right: -70px;\n    width: 270px;\n    height: 270px;\n    content: \"\";\n    border: 1px solid rgba(0, 212, 170, 0.22);\n    border-radius: 50%;\n    box-shadow:\n      0 0 0 38px rgba(0, 212, 170, 0.05),\n      0 0 0 78px rgba(0, 204, 255, 0.04);\n    pointer-events: none;\n  }\n\n  #profqui-docentes .pq-docentes__rotulo {\n    position: relative;\n    z-index: 1;\n    margin: 0 0 9px;\n    color: #69f3df;\n    font-size: 13px;\n    font-weight: 850;\n    letter-spacing: 0.13em;\n    line-height: 1.35;\n    text-transform: uppercase;\n  }\n\n  #profqui-docentes .pq-docentes__rotulo::before {\n    display: inline-block;\n    width: 9px;\n    height: 9px;\n    margin-right: 9px;\n    content: \"\";\n    vertical-align: 1px;\n    background: var(--pq-turquesa);\n    border-radius: 50%;\n    box-shadow: 0 0 0 5px rgba(0, 212, 170, 0.14);\n  }\n\n  #profqui-docentes .pq-docentes__titulo {\n    position: relative;\n    z-index: 1;\n    max-width: 760px;\n    margin: 0;\n    color: #ffffff;\n    font-size: clamp(36px, 6vw, 62px);\n    font-weight: 900;\n    letter-spacing: -0.035em;\n    line-height: 1.02;\n  }\n\n  #profqui-docentes .pq-docentes__introducao {\n    position: relative;\n    z-index: 1;\n    max-width: 760px;\n    margin: 19px 0 0;\n    color: #dceaf0;\n    font-size: clamp(16px, 2vw, 19px);\n    line-height: 1.65;\n  }\n\n  #profqui-docentes .pq-docentes__grade {\n    display: grid;\n    grid-template-columns: repeat(3, minmax(0, 1fr));\n    gap: clamp(22px, 3vw, 34px);\n  }\n\n  #profqui-docentes .pq-docente {\n    position: relative;\n    min-width: 0;\n    margin: 0;\n    outline: none;\n    perspective: 1000px;\n    perspective-origin: 50% 50%;\n    -webkit-tap-highlight-color: transparent;\n  }\n\n  #profqui-docentes .pq-docente__interior {\n    position: relative;\n    display: block;\n    width: 100%;\n    aspect-ratio: 4 \/ 5;\n    min-height: 390px;\n    transform-style: preserve-3d;\n    -webkit-transform-style: preserve-3d;\n    transform-style: preserve-3d;\n  }\n\n  #profqui-docentes .pq-docente:focus-visible {\n    outline: 4px solid rgba(42, 127, 255, 0.34);\n    outline-offset: 5px;\n    border-radius: 18px;\n  }\n\n  #profqui-docentes .pq-docente__face {\n    position: absolute;\n    inset: 0;\n    display: flex;\n    overflow: visible;\n    border: 1px solid rgba(15, 48, 64, 0.15);\n    border-radius: 18px;\n    box-shadow: 0 16px 38px rgba(15, 48, 64, 0.19);\n    -webkit-backface-visibility: hidden;\n    backface-visibility: hidden;\n    -webkit-transform-style: preserve-3d;\n    transform-style: preserve-3d;\n    transition: transform 720ms cubic-bezier(0.4, 0.2, 0.2, 1);\n    will-change: transform;\n  }\n\n  #profqui-docentes .pq-docente__frente {\n    background: #dfeaf0;\n    align-items: flex-end;\n    cursor: pointer;\n    transform: rotateY(0deg);\n  }\n\n  #profqui-docentes .pq-docente__foto {\n    position: absolute;\n    inset: 0;\n    display: block;\n    width: 100%;\n    height: 100%;\n    margin: 0;\n    object-fit: cover;\n    object-position: var(--foto-posicao, 50% 50%);\n    border-radius: 18px;\n    transform: translateZ(0);\n    transition: filter 500ms ease;\n  }\n\n  #profqui-docentes .pq-docente:hover .pq-docente__foto,\n  #profqui-docentes .pq-docente:focus .pq-docente__foto {\n    filter: saturate(1.05) contrast(1.03);\n  }\n\n  #profqui-docentes .pq-docente__frente::after {\n    position: absolute;\n    inset: 38% 0 0;\n    content: \"\";\n    background: linear-gradient(to bottom, transparent 0%, rgba(4, 24, 34, 0.34) 34%, rgba(4, 24, 34, 0.93) 100%);\n    border-radius: 0 0 18px 18px;\n    pointer-events: none;\n  }\n\n  #profqui-docentes .pq-docente__identificacao {\n    position: relative;\n    z-index: 2;\n    display: block;\n    width: 100%;\n    padding: 28px 24px 30px;\n    color: #ffffff;\n    transform: translateZ(72px) scale(0.94);\n    transform-origin: 50% 100%;\n    text-shadow: 0 2px 12px rgba(0, 0, 0, 0.48);\n  }\n\n  #profqui-docentes .pq-docente__nome {\n    display: block;\n    margin: 0;\n    color: #ffffff;\n    font-size: clamp(19px, 2.2vw, 24px);\n    font-weight: 900;\n    letter-spacing: -0.015em;\n    line-height: 1.18;\n  }\n\n  #profqui-docentes .pq-docente__acao {\n    display: flex;\n    margin-top: 12px;\n    color: #aaf8ec;\n    font-size: 12px;\n    font-weight: 850;\n    letter-spacing: 0.08em;\n    line-height: 1.3;\n    text-transform: uppercase;\n    align-items: center;\n    gap: 7px;\n  }\n\n  #profqui-docentes .pq-docente__acao::after {\n    content: \"\u21bb\";\n    font-size: 17px;\n    line-height: 1;\n  }\n\n  #profqui-docentes .pq-docente__verso {\n    padding: clamp(24px, 3.5vw, 34px);\n    color: #ffffff;\n    background:\n      radial-gradient(circle at 85% 12%, rgba(0, 204, 255, 0.32), transparent 32%),\n      linear-gradient(145deg, #0f3040 0%, #174a66 52%, #007b83 100%);\n    transform: rotateY(180deg);\n    align-items: center;\n    cursor: default;\n    pointer-events: none;\n  }\n\n  #profqui-docentes .pq-docente:hover .pq-docente__verso,\n  #profqui-docentes .pq-docente:focus .pq-docente__verso,\n  #profqui-docentes .pq-docente:focus-within .pq-docente__verso,\n  #profqui-docentes .pq-docente--virado .pq-docente__verso {\n    transform: rotateY(0deg);\n    pointer-events: auto;\n  }\n\n  #profqui-docentes .pq-docente:hover .pq-docente__frente,\n  #profqui-docentes .pq-docente:focus .pq-docente__frente,\n  #profqui-docentes .pq-docente:focus-within .pq-docente__frente,\n  #profqui-docentes .pq-docente--virado .pq-docente__frente {\n    transform: rotateY(-180deg);\n    pointer-events: none;\n  }\n\n  #profqui-docentes .pq-docente__conteudo {\n    position: relative;\n    z-index: 2;\n    display: block;\n    width: 100%;\n    transform: translateZ(72px) scale(0.94);\n    transform-origin: 50% 50%;\n  }\n\n  #profqui-docentes .pq-docente__nome-verso {\n    display: block;\n    margin: 0 0 13px;\n    padding-bottom: 12px;\n    color: #ffffff;\n    border-bottom: 1px solid rgba(255, 255, 255, 0.25);\n    font-size: clamp(18px, 2vw, 22px);\n    font-weight: 900;\n    line-height: 1.2;\n  }\n\n  #profqui-docentes .pq-docente__rotulo-info {\n    display: block;\n    margin: 11px 0 5px;\n    color: #72f4df;\n    font-size: 11px;\n    font-weight: 900;\n    letter-spacing: 0.12em;\n    line-height: 1.3;\n    text-transform: uppercase;\n  }\n\n  #profqui-docentes .pq-docente__email {\n    display: inline-block;\n    max-width: 100%;\n    color: #ffffff;\n    font-size: 14px;\n    font-weight: 750;\n    line-height: 1.45;\n    overflow-wrap: anywhere;\n    text-decoration: underline;\n    text-decoration-color: rgba(255, 255, 255, 0.55);\n    text-decoration-thickness: 1px;\n    text-underline-offset: 4px;\n  }\n\n  #profqui-docentes .pq-docente__email:hover,\n  #profqui-docentes .pq-docente__email:focus-visible {\n    color: #9df7e8;\n    text-decoration-color: currentColor;\n  }\n\n  #profqui-docentes .pq-docente__lattes {\n    display: inline-flex;\n    max-width: 100%;\n    padding: 7px 10px;\n    color: #ffffff;\n    background: rgba(255, 255, 255, 0.11);\n    border: 1px solid rgba(255, 255, 255, 0.24);\n    border-radius: 8px;\n    font-size: 12px;\n    font-weight: 800;\n    line-height: 1.35;\n    text-decoration: none;\n    overflow-wrap: anywhere;\n    align-items: center;\n    gap: 7px;\n    transition: background-color 180ms ease, border-color 180ms ease, color 180ms ease;\n  }\n\n  #profqui-docentes .pq-docente__lattes::after {\n    content: \"\u2197\";\n    flex: 0 0 auto;\n    font-size: 14px;\n    line-height: 1;\n  }\n\n  #profqui-docentes .pq-docente__lattes:hover,\n  #profqui-docentes .pq-docente__lattes:focus-visible {\n    color: #9df7e8;\n    background: rgba(0, 212, 170, 0.15);\n    border-color: rgba(114, 244, 223, 0.62);\n    outline: none;\n  }\n\n  #profqui-docentes .pq-docente__linhas {\n    display: flex;\n    margin-top: 8px;\n    flex-wrap: wrap;\n    gap: 7px;\n  }\n\n  #profqui-docentes .pq-docente__linha {\n    display: inline-block;\n    padding: 6px 9px;\n    color: #ffffff;\n    background: rgba(255, 255, 255, 0.12);\n    border: 1px solid rgba(255, 255, 255, 0.24);\n    border-radius: 8px;\n    font-size: 12px;\n    font-weight: 700;\n    line-height: 1.32;\n  }\n\n  @media (max-width: 900px) {\n    #profqui-docentes .pq-docentes__grade {\n      grid-template-columns: repeat(2, minmax(0, 1fr));\n    }\n  }\n\n  @media (max-width: 600px) {\n    #profqui-docentes {\n      padding-top: 4px;\n    }\n\n    #profqui-docentes .pq-docentes__cabecalho {\n      border-radius: 17px;\n    }\n\n    #profqui-docentes .pq-docentes__grade {\n      grid-template-columns: minmax(0, 1fr);\n    }\n\n    #profqui-docentes .pq-docente {\n      width: min(100%, 390px);\n      margin-inline: auto;\n    }\n\n    #profqui-docentes .pq-docente__interior {\n      min-height: 410px;\n    }\n  }\n\n  @media (prefers-reduced-motion: reduce) {\n    #profqui-docentes .pq-docente__face,\n    #profqui-docentes .pq-docente__foto {\n      transition-duration: 0.001ms !important;\n    }\n  }\n<\/style>\n\n<main id=\"profqui-docentes\">\n  <header class=\"pq-docentes__cabecalho\">\n    <p class=\"pq-docentes__rotulo\">Pessoas \u00b7 Corpo docente<\/p>\n    <h1 class=\"pq-docentes__titulo\">Docentes<\/h1>\n    <p class=\"pq-docentes__introducao\">\n      Conhe\u00e7a os(as) docentes credenciados(as) no PROFQUI\/UFPB e consulte seus contatos, curr\u00edculos Lattes e linhas de pesquisa.\n    <\/p>\n  <\/header>\n\n  <section class=\"pq-docentes__grade\" aria-label=\"Docentes credenciados no PROFQUI UFPB\">\n\n    <!-- 01 \u2014 Andrei Steveen Moreno Rodr\u00edguez -->\n    <article class=\"pq-docente\" tabindex=\"0\" aria-labelledby=\"docente-andrei\" ontouchstart=\"if (!event.target.closest('a')) this.classList.toggle('pq-docente--virado');\">\n      <span class=\"pq-docente__interior\">\n        <span class=\"pq-docente__face pq-docente__frente\">\n          <img class=\"pq-docente__foto\" src=\"https:\/\/www.ccen.ufpb.br\/profqui\/wp-content\/uploads\/sites\/115\/sites\/116\/2024\/04\/Andrei-Steveen-Moreno-Rodriguez-e1712231538951.jpg\" alt=\"Fotografia de Andrei Steveen Moreno Rodr\u00edguez\" loading=\"lazy\" decoding=\"async\">\n          <span class=\"pq-docente__identificacao\">\n            <span class=\"pq-docente__nome\" id=\"docente-andrei\">Andrei Steveen Moreno Rodr\u00edguez<\/span>\n            <span class=\"pq-docente__acao\" aria-hidden=\"true\">Ver contato e linhas<\/span>\n          <\/span>\n        <\/span>\n        <span class=\"pq-docente__face pq-docente__verso\">\n          <span class=\"pq-docente__conteudo\">\n            <span class=\"pq-docente__nome-verso\">Andrei Steveen Moreno Rodr\u00edguez<\/span>\n            <span class=\"pq-docente__rotulo-info\">E-mail<\/span>\n            <a class=\"pq-docente__email\" href=\"mailto:andrei.rodriguez@academico.ufpb.br\">andrei.rodriguez@academico.ufpb.br<\/a>\n            <span class=\"pq-docente__rotulo-info\">Curr\u00edculo Lattes<\/span>\n            <a class=\"pq-docente__lattes\" href=\"https:\/\/lattes.cnpq.br\/6468998562109564\" target=\"_blank\" rel=\"noopener noreferrer\" aria-label=\"Abrir Curr\u00edculo Lattes em nova aba\">lattes.cnpq.br\/6468998562109564<\/a>\n            <span class=\"pq-docente__rotulo-info\">Linhas de pesquisa<\/span>\n            <span class=\"pq-docente__linhas\">\n              <span class=\"pq-docente__linha\">LP1 \u00b7 Novas tecnologias e comunica\u00e7\u00e3o<\/span>\n              <span class=\"pq-docente__linha\">LP2 \u00b7 Qu\u00edmica ambiental e energia<\/span>\n            <\/span>\n          <\/span>\n        <\/span>\n      <\/span>\n    <\/article>\n\n    <!-- 02 \u2014 Claudia de Figueiredo Braga -->\n    <article class=\"pq-docente\" tabindex=\"0\" aria-labelledby=\"docente-claudia-braga\" ontouchstart=\"if (!event.target.closest('a')) this.classList.toggle('pq-docente--virado');\">\n      <span class=\"pq-docente__interior\">\n        <span class=\"pq-docente__face pq-docente__frente\">\n          <img class=\"pq-docente__foto\" src=\"https:\/\/www.ccen.ufpb.br\/profqui\/wp-content\/uploads\/sites\/115\/sites\/116\/2023\/10\/Claudia-Braga-reduzida.png\" alt=\"Fotografia de Claudia de Figueiredo Braga\" loading=\"lazy\" decoding=\"async\">\n          <span class=\"pq-docente__identificacao\">\n            <span class=\"pq-docente__nome\" id=\"docente-claudia-braga\">Claudia de Figueiredo Braga<\/span>\n            <span class=\"pq-docente__acao\" aria-hidden=\"true\">Ver contato e linhas<\/span>\n          <\/span>\n        <\/span>\n        <span class=\"pq-docente__face pq-docente__verso\">\n          <span class=\"pq-docente__conteudo\">\n            <span class=\"pq-docente__nome-verso\">Claudia de Figueiredo Braga<\/span>\n            <span class=\"pq-docente__rotulo-info\">E-mail<\/span>\n            <a class=\"pq-docente__email\" href=\"mailto:claudiafbraga@gmail.com\">claudiafbraga@gmail.com<\/a>\n            <span class=\"pq-docente__rotulo-info\">Curr\u00edculo Lattes<\/span>\n            <a class=\"pq-docente__lattes\" href=\"https:\/\/lattes.cnpq.br\/9597239269521719\" target=\"_blank\" rel=\"noopener noreferrer\" aria-label=\"Abrir Curr\u00edculo Lattes em nova aba\">lattes.cnpq.br\/9597239269521719<\/a>\n            <span class=\"pq-docente__rotulo-info\">Linha de pesquisa<\/span>\n            <span class=\"pq-docente__linhas\">\n              <span class=\"pq-docente__linha\">LP1 \u00b7 Novas tecnologias e comunica\u00e7\u00e3o<\/span>\n            <\/span>\n          <\/span>\n        <\/span>\n      <\/span>\n    <\/article>\n\n    <!-- 03 \u2014 Cl\u00e1udia de Oliveira Cunha -->\n    <article class=\"pq-docente\" tabindex=\"0\" aria-labelledby=\"docente-claudia-cunha\" ontouchstart=\"if (!event.target.closest('a')) this.classList.toggle('pq-docente--virado');\">\n      <span class=\"pq-docente__interior\">\n        <span class=\"pq-docente__face pq-docente__frente\">\n          <img class=\"pq-docente__foto\" src=\"https:\/\/www.ccen.ufpb.br\/profqui\/wp-content\/uploads\/sites\/115\/sites\/116\/2023\/10\/Claudia-Cunha-e1696334582703.png\" alt=\"Fotografia de Cl\u00e1udia de Oliveira Cunha\" loading=\"lazy\" decoding=\"async\">\n          <span class=\"pq-docente__identificacao\">\n            <span class=\"pq-docente__nome\" id=\"docente-claudia-cunha\">Cl\u00e1udia de Oliveira Cunha<\/span>\n            <span class=\"pq-docente__acao\" aria-hidden=\"true\">Ver contato e linhas<\/span>\n          <\/span>\n        <\/span>\n        <span class=\"pq-docente__face pq-docente__verso\">\n          <span class=\"pq-docente__conteudo\">\n            <span class=\"pq-docente__nome-verso\">Cl\u00e1udia de Oliveira Cunha<\/span>\n            <span class=\"pq-docente__rotulo-info\">E-mail<\/span>\n            <a class=\"pq-docente__email\" href=\"mailto:claudiacunha@quimica.ufpb.br\">claudiacunha@quimica.ufpb.br<\/a>\n            <span class=\"pq-docente__rotulo-info\">Curr\u00edculo Lattes<\/span>\n            <a class=\"pq-docente__lattes\" href=\"https:\/\/lattes.cnpq.br\/1222831899978586\" target=\"_blank\" rel=\"noopener noreferrer\" aria-label=\"Abrir Curr\u00edculo Lattes em nova aba\">lattes.cnpq.br\/1222831899978586<\/a>\n            <span class=\"pq-docente__rotulo-info\">Linha de pesquisa<\/span>\n            <span class=\"pq-docente__linhas\">\n              <span class=\"pq-docente__linha\">LP2 \u00b7 Qu\u00edmica ambiental e energia<\/span>\n            <\/span>\n          <\/span>\n        <\/span>\n      <\/span>\n    <\/article>\n\n    <!-- 04 \u2014 Claudio Gabriel Lima Junior -->\n    <article class=\"pq-docente\" tabindex=\"0\" aria-labelledby=\"docente-claudio\" ontouchstart=\"if (!event.target.closest('a')) this.classList.toggle('pq-docente--virado');\">\n      <span class=\"pq-docente__interior\">\n        <span class=\"pq-docente__face pq-docente__frente\">\n          <img class=\"pq-docente__foto\" src=\"https:\/\/www.ccen.ufpb.br\/profqui\/wp-content\/uploads\/sites\/115\/sites\/116\/2023\/10\/Claudio-Gabriel-e1698591595192.jpg\" alt=\"Fotografia de Claudio Gabriel Lima Junior\" loading=\"lazy\" decoding=\"async\">\n          <span class=\"pq-docente__identificacao\">\n            <span class=\"pq-docente__nome\" id=\"docente-claudio\">Claudio Gabriel Lima Junior<\/span>\n            <span class=\"pq-docente__acao\" aria-hidden=\"true\">Ver contato e linhas<\/span>\n          <\/span>\n        <\/span>\n        <span class=\"pq-docente__face pq-docente__verso\">\n          <span class=\"pq-docente__conteudo\">\n            <span class=\"pq-docente__nome-verso\">Claudio Gabriel Lima Junior<\/span>\n            <span class=\"pq-docente__rotulo-info\">E-mail<\/span>\n            <a class=\"pq-docente__email\" href=\"mailto:claudio@quimica.ufpb.br\">claudio@quimica.ufpb.br<\/a>\n            <span class=\"pq-docente__rotulo-info\">Curr\u00edculo Lattes<\/span>\n            <a class=\"pq-docente__lattes\" href=\"https:\/\/lattes.cnpq.br\/5743384737397873\" target=\"_blank\" rel=\"noopener noreferrer\" aria-label=\"Abrir Curr\u00edculo Lattes em nova aba\">lattes.cnpq.br\/5743384737397873<\/a>\n            <span class=\"pq-docente__rotulo-info\">Linhas de pesquisa<\/span>\n            <span class=\"pq-docente__linhas\">\n              <span class=\"pq-docente__linha\">LP1 \u00b7 Novas tecnologias e comunica\u00e7\u00e3o<\/span>\n              <span class=\"pq-docente__linha\">LP3 \u00b7 Qu\u00edmica da vida<\/span>\n            <\/span>\n          <\/span>\n        <\/span>\n      <\/span>\n    <\/article>\n\n    <!-- 05 \u2014 Dayse das Neves Moreira -->\n    <article class=\"pq-docente\" tabindex=\"0\" aria-labelledby=\"docente-dayse\" ontouchstart=\"if (!event.target.closest('a')) this.classList.toggle('pq-docente--virado');\">\n      <span class=\"pq-docente__interior\">\n        <span class=\"pq-docente__face pq-docente__frente\">\n          <img class=\"pq-docente__foto\" src=\"https:\/\/www.ccen.ufpb.br\/profqui\/wp-content\/uploads\/sites\/115\/sites\/116\/2023\/10\/Dayse-e1698692740123.jpg\" alt=\"Fotografia de Dayse das Neves Moreira\" loading=\"lazy\" decoding=\"async\">\n          <span class=\"pq-docente__identificacao\">\n            <span class=\"pq-docente__nome\" id=\"docente-dayse\">Dayse das Neves Moreira<\/span>\n            <span class=\"pq-docente__acao\" aria-hidden=\"true\">Ver contato e linhas<\/span>\n          <\/span>\n        <\/span>\n        <span class=\"pq-docente__face pq-docente__verso\">\n          <span class=\"pq-docente__conteudo\">\n            <span class=\"pq-docente__nome-verso\">Dayse das Neves Moreira<\/span>\n            <span class=\"pq-docente__rotulo-info\">E-mail<\/span>\n            <a class=\"pq-docente__email\" href=\"mailto:daysenm@gmail.com\">daysenm@gmail.com<\/a>\n            <span class=\"pq-docente__rotulo-info\">Curr\u00edculo Lattes<\/span>\n            <a class=\"pq-docente__lattes\" href=\"https:\/\/lattes.cnpq.br\/0161193498921169\" target=\"_blank\" rel=\"noopener noreferrer\" aria-label=\"Abrir Curr\u00edculo Lattes em nova aba\">lattes.cnpq.br\/0161193498921169<\/a>\n            <span class=\"pq-docente__rotulo-info\">Linhas de pesquisa<\/span>\n            <span class=\"pq-docente__linhas\">\n              <span class=\"pq-docente__linha\">LP1 \u00b7 Novas tecnologias e comunica\u00e7\u00e3o<\/span>\n              <span class=\"pq-docente__linha\">LP3 \u00b7 Qu\u00edmica da vida<\/span>\n            <\/span>\n          <\/span>\n        <\/span>\n      <\/span>\n    <\/article>\n\n    <!-- 06 \u2014 Franklin Kaic Dutra-Pereira -->\n    <article class=\"pq-docente\" tabindex=\"0\" aria-labelledby=\"docente-franklin\" ontouchstart=\"if (!event.target.closest('a')) this.classList.toggle('pq-docente--virado');\">\n      <span class=\"pq-docente__interior\">\n        <span class=\"pq-docente__face pq-docente__frente\">\n          <img class=\"pq-docente__foto\" src=\"https:\/\/www.ccen.ufpb.br\/profqui\/wp-content\/uploads\/sites\/115\/sites\/116\/2023\/10\/Franklin-e1696420765750.jpg\" alt=\"Fotografia de Franklin Kaic Dutra-Pereira\" loading=\"lazy\" decoding=\"async\">\n          <span class=\"pq-docente__identificacao\">\n            <span class=\"pq-docente__nome\" id=\"docente-franklin\">Franklin Kaic Dutra-Pereira<\/span>\n            <span class=\"pq-docente__acao\" aria-hidden=\"true\">Ver contato e linhas<\/span>\n          <\/span>\n        <\/span>\n        <span class=\"pq-docente__face pq-docente__verso\">\n          <span class=\"pq-docente__conteudo\">\n            <span class=\"pq-docente__nome-verso\">Franklin Kaic Dutra-Pereira<\/span>\n            <span class=\"pq-docente__rotulo-info\">E-mail<\/span>\n            <a class=\"pq-docente__email\" href=\"mailto:franklin.kaic@academico.ufpb.br\">franklin.kaic@academico.ufpb.br<\/a>\n            <span class=\"pq-docente__rotulo-info\">Curr\u00edculo Lattes<\/span>\n            <a class=\"pq-docente__lattes\" href=\"https:\/\/lattes.cnpq.br\/0234305843667539\" target=\"_blank\" rel=\"noopener noreferrer\" aria-label=\"Abrir Curr\u00edculo Lattes em nova aba\">lattes.cnpq.br\/0234305843667539<\/a>\n            <span class=\"pq-docente__rotulo-info\">Linhas de pesquisa<\/span>\n            <span class=\"pq-docente__linhas\">\n              <span class=\"pq-docente__linha\">LP3 \u00b7 Qu\u00edmica da vida<\/span>\n              <span class=\"pq-docente__linha\">LP4 \u00b7 Novos materiais<\/span>\n            <\/span>\n          <\/span>\n        <\/span>\n      <\/span>\n    <\/article>\n\n    <!-- 07 \u2014 Jailton de Souza Ferrari -->\n    <article class=\"pq-docente\" tabindex=\"0\" aria-labelledby=\"docente-jailton\" ontouchstart=\"if (!event.target.closest('a')) this.classList.toggle('pq-docente--virado');\">\n      <span class=\"pq-docente__interior\">\n        <span class=\"pq-docente__face pq-docente__frente\">\n          <img class=\"pq-docente__foto\" src=\"https:\/\/www.ccen.ufpb.br\/profqui\/wp-content\/uploads\/sites\/115\/sites\/116\/2023\/10\/Jailson-e1697538267418.jpg\" alt=\"Fotografia de Jailton de Souza Ferrari\" loading=\"lazy\" decoding=\"async\">\n          <span class=\"pq-docente__identificacao\">\n            <span class=\"pq-docente__nome\" id=\"docente-jailton\">Jailton de Souza Ferrari<\/span>\n            <span class=\"pq-docente__acao\" aria-hidden=\"true\">Ver contato e linhas<\/span>\n          <\/span>\n        <\/span>\n        <span class=\"pq-docente__face pq-docente__verso\">\n          <span class=\"pq-docente__conteudo\">\n            <span class=\"pq-docente__nome-verso\">Jailton de Souza Ferrari<\/span>\n            <span class=\"pq-docente__rotulo-info\">E-mail<\/span>\n            <a class=\"pq-docente__email\" href=\"mailto:jailtonferrari@gmail.com\">jailtonferrari@gmail.com<\/a>\n            <span class=\"pq-docente__rotulo-info\">Curr\u00edculo Lattes<\/span>\n            <a class=\"pq-docente__lattes\" href=\"https:\/\/lattes.cnpq.br\/4347945893031297\" target=\"_blank\" rel=\"noopener noreferrer\" aria-label=\"Abrir Curr\u00edculo Lattes em nova aba\">lattes.cnpq.br\/4347945893031297<\/a>\n            <span class=\"pq-docente__rotulo-info\">Linhas de pesquisa<\/span>\n            <span class=\"pq-docente__linhas\">\n              <span class=\"pq-docente__linha\">LP2 \u00b7 Qu\u00edmica ambiental e energia<\/span>\n              <span class=\"pq-docente__linha\">LP3 \u00b7 Qu\u00edmica da vida<\/span>\n              <span class=\"pq-docente__linha\">LP4 \u00b7 Novos materiais<\/span>\n            <\/span>\n          <\/span>\n        <\/span>\n      <\/span>\n    <\/article>\n\n    <!-- 08 \u2014 Karen Cacilda Weber -->\n    <article class=\"pq-docente\" tabindex=\"0\" aria-labelledby=\"docente-karen\" ontouchstart=\"if (!event.target.closest('a')) this.classList.toggle('pq-docente--virado');\">\n      <span class=\"pq-docente__interior\">\n        <span class=\"pq-docente__face pq-docente__frente\">\n          <img class=\"pq-docente__foto\" src=\"https:\/\/www.ccen.ufpb.br\/profqui\/wp-content\/uploads\/sites\/115\/sites\/116\/2023\/10\/Karen-e1697538377543.jpg\" alt=\"Fotografia de Karen Cacilda Weber\" loading=\"lazy\" decoding=\"async\">\n          <span class=\"pq-docente__identificacao\">\n            <span class=\"pq-docente__nome\" id=\"docente-karen\">Karen Cacilda Weber<\/span>\n            <span class=\"pq-docente__acao\" aria-hidden=\"true\">Ver contato e linhas<\/span>\n          <\/span>\n        <\/span>\n        <span class=\"pq-docente__face pq-docente__verso\">\n          <span class=\"pq-docente__conteudo\">\n            <span class=\"pq-docente__nome-verso\">Karen Cacilda Weber<\/span>\n            <span class=\"pq-docente__rotulo-info\">E-mail<\/span>\n            <a class=\"pq-docente__email\" href=\"mailto:kac.weber@gmail.com\">kac.weber@gmail.com<\/a>\n            <span class=\"pq-docente__rotulo-info\">Curr\u00edculo Lattes<\/span>\n            <a class=\"pq-docente__lattes\" href=\"https:\/\/lattes.cnpq.br\/5946002803622982\" target=\"_blank\" rel=\"noopener noreferrer\" aria-label=\"Abrir Curr\u00edculo Lattes em nova aba\">lattes.cnpq.br\/5946002803622982<\/a>\n            <span class=\"pq-docente__rotulo-info\">Linhas de pesquisa<\/span>\n            <span class=\"pq-docente__linhas\">\n              <span class=\"pq-docente__linha\">LP1 \u00b7 Novas tecnologias e comunica\u00e7\u00e3o<\/span>\n              <span class=\"pq-docente__linha\">LP3 \u00b7 Qu\u00edmica da vida<\/span>\n            <\/span>\n          <\/span>\n        <\/span>\n      <\/span>\n    <\/article>\n\n    <!-- 09 \u2014 K\u00e1tia Messias Bichinho -->\n    <article class=\"pq-docente\" tabindex=\"0\" aria-labelledby=\"docente-katia\" ontouchstart=\"if (!event.target.closest('a')) this.classList.toggle('pq-docente--virado');\">\n      <span class=\"pq-docente__interior\">\n        <span class=\"pq-docente__face pq-docente__frente\">\n          <img class=\"pq-docente__foto\" src=\"https:\/\/www.ccen.ufpb.br\/profqui\/wp-content\/uploads\/sites\/115\/sites\/116\/2023\/09\/Katia-Bichinho-e1786633318457.jpg\" alt=\"Fotografia de K\u00e1tia Messias Bichinho\" loading=\"lazy\" decoding=\"async\">\n          <span class=\"pq-docente__identificacao\">\n            <span class=\"pq-docente__nome\" id=\"docente-katia\">K\u00e1tia Messias Bichinho<\/span>\n            <span class=\"pq-docente__acao\" aria-hidden=\"true\">Ver contato e linhas<\/span>\n          <\/span>\n        <\/span>\n        <span class=\"pq-docente__face pq-docente__verso\">\n          <span class=\"pq-docente__conteudo\">\n            <span class=\"pq-docente__nome-verso\">K\u00e1tia Messias Bichinho<\/span>\n            <span class=\"pq-docente__rotulo-info\">E-mail<\/span>\n            <a class=\"pq-docente__email\" href=\"mailto:katia.bichinho@gmail.com\">katia.bichinho@gmail.com<\/a>\n            <span class=\"pq-docente__rotulo-info\">Curr\u00edculo Lattes<\/span>\n            <a class=\"pq-docente__lattes\" href=\"https:\/\/lattes.cnpq.br\/5693184169699400\" target=\"_blank\" rel=\"noopener noreferrer\" aria-label=\"Abrir Curr\u00edculo Lattes em nova aba\">lattes.cnpq.br\/5693184169699400<\/a>\n            <span class=\"pq-docente__rotulo-info\">Linhas de pesquisa<\/span>\n            <span class=\"pq-docente__linhas\">\n              <span class=\"pq-docente__linha\">LP1 \u00b7 Novas tecnologias e comunica\u00e7\u00e3o<\/span>\n              <span class=\"pq-docente__linha\">LP2 \u00b7 Qu\u00edmica ambiental e energia<\/span>\n            <\/span>\n          <\/span>\n        <\/span>\n      <\/span>\n    <\/article>\n\n    <!-- 10 \u2014 Liliana de F\u00e1tima Bezerra Lira de Pontes -->\n    <article class=\"pq-docente\" tabindex=\"0\" aria-labelledby=\"docente-liliana\" ontouchstart=\"if (!event.target.closest('a')) this.classList.toggle('pq-docente--virado');\">\n      <span class=\"pq-docente__interior\">\n        <span class=\"pq-docente__face pq-docente__frente\">\n          <img class=\"pq-docente__foto\" src=\"https:\/\/www.ccen.ufpb.br\/profqui\/wp-content\/uploads\/sites\/115\/sites\/116\/2023\/11\/Liliana-e1699909595450.jpg\" alt=\"Fotografia de Liliana de F\u00e1tima Bezerra Lira de Pontes\" loading=\"lazy\" decoding=\"async\">\n          <span class=\"pq-docente__identificacao\">\n            <span class=\"pq-docente__nome\" id=\"docente-liliana\">Liliana de F\u00e1tima Bezerra Lira de Pontes<\/span>\n            <span class=\"pq-docente__acao\" aria-hidden=\"true\">Ver contato e linhas<\/span>\n          <\/span>\n        <\/span>\n        <span class=\"pq-docente__face pq-docente__verso\">\n          <span class=\"pq-docente__conteudo\">\n            <span class=\"pq-docente__nome-verso\">Liliana de F\u00e1tima Bezerra Lira de Pontes<\/span>\n            <span class=\"pq-docente__rotulo-info\">E-mail<\/span>\n            <a class=\"pq-docente__email\" href=\"mailto:liliana.lira@gmail.com\">liliana.lira@gmail.com<\/a>\n            <span class=\"pq-docente__rotulo-info\">Curr\u00edculo Lattes<\/span>\n            <a class=\"pq-docente__lattes\" href=\"https:\/\/lattes.cnpq.br\/0438588394065892\" target=\"_blank\" rel=\"noopener noreferrer\" aria-label=\"Abrir Curr\u00edculo Lattes em nova aba\">lattes.cnpq.br\/0438588394065892<\/a>\n            <span class=\"pq-docente__rotulo-info\">Linhas de pesquisa<\/span>\n            <span class=\"pq-docente__linhas\">\n              <span class=\"pq-docente__linha\">LP1 \u00b7 Novas tecnologias e comunica\u00e7\u00e3o<\/span>\n              <span class=\"pq-docente__linha\">LP3 \u00b7 Qu\u00edmica da vida<\/span>\n            <\/span>\n          <\/span>\n        <\/span>\n      <\/span>\n    <\/article>\n\n    <!-- 11 \u2014 Maria Betania Hermenegildo dos Santos -->\n    <article class=\"pq-docente\" tabindex=\"0\" aria-labelledby=\"docente-maria-betania\" ontouchstart=\"if (!event.target.closest('a')) this.classList.toggle('pq-docente--virado');\">\n      <span class=\"pq-docente__interior\">\n        <span class=\"pq-docente__face pq-docente__frente\">\n          <img class=\"pq-docente__foto\" src=\"https:\/\/www.ccen.ufpb.br\/profqui\/wp-content\/uploads\/sites\/115\/sites\/116\/2023\/10\/Maria-Betania-Hermenegildo-dos-Santos.jpg\" alt=\"Fotografia de Maria Betania Hermenegildo dos Santos\" loading=\"lazy\" decoding=\"async\">\n          <span class=\"pq-docente__identificacao\">\n            <span class=\"pq-docente__nome\" id=\"docente-maria-betania\">Maria Betania Hermenegildo dos Santos<\/span>\n            <span class=\"pq-docente__acao\" aria-hidden=\"true\">Ver contato e linhas<\/span>\n          <\/span>\n        <\/span>\n        <span class=\"pq-docente__face pq-docente__verso\">\n          <span class=\"pq-docente__conteudo\">\n            <span class=\"pq-docente__nome-verso\">Maria Betania Hermenegildo dos Santos<\/span>\n            <span class=\"pq-docente__rotulo-info\">E-mail<\/span>\n            <a class=\"pq-docente__email\" href=\"mailto:mbetaniahs@gmail.com\">mbetaniahs@gmail.com<\/a>\n            <span class=\"pq-docente__rotulo-info\">Curr\u00edculo Lattes<\/span>\n            <a class=\"pq-docente__lattes\" href=\"https:\/\/lattes.cnpq.br\/7912639652501884\" target=\"_blank\" rel=\"noopener noreferrer\" aria-label=\"Abrir Curr\u00edculo Lattes em nova aba\">lattes.cnpq.br\/7912639652501884<\/a>\n            <span class=\"pq-docente__rotulo-info\">Linhas de pesquisa<\/span>\n            <span class=\"pq-docente__linhas\">\n              <span class=\"pq-docente__linha\">LP1 \u00b7 Novas tecnologias e comunica\u00e7\u00e3o<\/span>\n              <span class=\"pq-docente__linha\">LP2 \u00b7 Qu\u00edmica ambiental e energia<\/span>\n            <\/span>\n          <\/span>\n        <\/span>\n      <\/span>\n    <\/article>\n\n    <!-- 12 \u2014 S\u00e1vio Moita Pinheiro -->\n    <article class=\"pq-docente\" tabindex=\"0\" aria-labelledby=\"docente-savio\" ontouchstart=\"if (!event.target.closest('a')) this.classList.toggle('pq-docente--virado');\">\n      <span class=\"pq-docente__interior\">\n        <span class=\"pq-docente__face pq-docente__frente\">\n          <img class=\"pq-docente__foto\" src=\"https:\/\/www.ccen.ufpb.br\/profqui\/wp-content\/uploads\/sites\/115\/sites\/116\/2026\/08\/Screenshot_20260828_113054.png\" alt=\"Fotografia de S\u00e1vio Moita Pinheiro\" loading=\"lazy\" decoding=\"async\">\n          <span class=\"pq-docente__identificacao\">\n            <span class=\"pq-docente__nome\" id=\"docente-savio\">Savio Moita Pinheiro<\/span>\n            <span class=\"pq-docente__acao\" aria-hidden=\"true\">Ver contato e linhas<\/span>\n          <\/span>\n        <\/span>\n        <span class=\"pq-docente__face pq-docente__verso\">\n          <span class=\"pq-docente__conteudo\">\n            <span class=\"pq-docente__nome-verso\">Savio Moita Pinheiro<\/span>\n            <span class=\"pq-docente__rotulo-info\">E-mail<\/span>\n            <a class=\"pq-docente__email\" href=\"mailto:saviompinheiro@uol.com.br\">saviompinheiro@uol.com.br<\/a>\n            <span class=\"pq-docente__rotulo-info\">Curr\u00edculo Lattes<\/span>\n            <a class=\"pq-docente__lattes\" href=\"https:\/\/lattes.cnpq.br\/4817609583424816\" target=\"_blank\" rel=\"noopener noreferrer\" aria-label=\"Abrir Curr\u00edculo Lattes em nova aba\">lattes.cnpq.br\/4817609583424816<\/a>\n            <span class=\"pq-docente__rotulo-info\">Linhas de pesquisa<\/span>\n            <span class=\"pq-docente__linhas\">\n              <span class=\"pq-docente__linha\">LP1 \u00b7 Novas tecnologias e comunica\u00e7\u00e3o<\/span>\n              <span class=\"pq-docente__linha\">LP3 \u00b7 Qu\u00edmica da vida<\/span>\n            <\/span>\n          <\/span>\n        <\/span>\n      <\/span>\n    <\/article>\n\n  <\/section>\n<\/main>\n<\/div><\/div><\/div><\/div><\/div>","protected":false},"excerpt":{"rendered":"<p>Pessoas \u00b7 Corpo docente Docentes Conhe\u00e7a os(as) docentes credenciados(as) no PROFQUI\/UFPB e consulte seus contatos, curr\u00edculos Lattes e linhas de pesquisa. Andrei Steveen Moreno Rodr\u00edguez Ver contato e linhas Andrei Steveen Moreno Rodr\u00edguez E-mail andrei.rodriguez@academico.ufpb.br Curr\u00edculo Lattes lattes.cnpq.br\/6468998562109564 Linhas de pesquisa LP1 \u00b7 Novas tecnologias e comunica\u00e7\u00e3o LP2 \u00b7 Qu\u00edmica ambiental e energia Claudia de [&hellip;]<\/p>\n","protected":false},"author":62,"featured_media":0,"parent":225,"menu_order":0,"comment_status":"closed","ping_status":"closed","template":"templates\/template-full.php","meta":{"footnotes":""},"class_list":["post-227","page","type-page","status-publish","hentry","post"],"_links":{"self":[{"href":"https:\/\/www.ccen.ufpb.br\/profqui\/wp-json\/wp\/v2\/pages\/227","targetHints":{"allow":["GET"]}}],"collection":[{"href":"https:\/\/www.ccen.ufpb.br\/profqui\/wp-json\/wp\/v2\/pages"}],"about":[{"href":"https:\/\/www.ccen.ufpb.br\/profqui\/wp-json\/wp\/v2\/types\/page"}],"author":[{"embeddable":true,"href":"https:\/\/www.ccen.ufpb.br\/profqui\/wp-json\/wp\/v2\/users\/62"}],"replies":[{"embeddable":true,"href":"https:\/\/www.ccen.ufpb.br\/profqui\/wp-json\/wp\/v2\/comments?post=227"}],"version-history":[{"count":87,"href":"https:\/\/www.ccen.ufpb.br\/profqui\/wp-json\/wp\/v2\/pages\/227\/revisions"}],"predecessor-version":[{"id":1742,"href":"https:\/\/www.ccen.ufpb.br\/profqui\/wp-json\/wp\/v2\/pages\/227\/revisions\/1742"}],"up":[{"embeddable":true,"href":"https:\/\/www.ccen.ufpb.br\/profqui\/wp-json\/wp\/v2\/pages\/225"}],"wp:attachment":[{"href":"https:\/\/www.ccen.ufpb.br\/profqui\/wp-json\/wp\/v2\/media?parent=227"}],"curies":[{"name":"wp","href":"https:\/\/api.w.org\/{rel}","templated":true}]}}