{"id":29,"date":"2026-04-17T15:02:10","date_gmt":"2026-04-17T18:02:10","guid":{"rendered":"https:\/\/www.ccen.ufpb.br\/cccb\/?page_id=29"},"modified":"2026-04-17T15:02:10","modified_gmt":"2026-04-17T18:02:10","slug":"taccs","status":"publish","type":"page","link":"https:\/\/www.ccen.ufpb.br\/cccb\/taccs\/","title":{"rendered":"TACCs"},"content":{"rendered":"\n<p><a href=\"http:\/\/plone.ufpb.br\/cccb\/contents\/documentos\/TCCAlcilenefinal.pdf\">PRODU\u00c7\u00c3O DE UM GUIA DID\u00c1TICO COMO CONTRIBUI\u00c7\u00c3O PARA MELHORIA DO ENSINO-APRENDIZADO DE BOT\u00c2NICA EM UMA ESCOLA P\u00daBLICA DA ZONA RURAL DE SOBRADO-PARA\u00cdBA<\/a>&nbsp;&#8211; ALCILENE DE LIMA FERREIRA<\/p>\n\n\n\n<p><a href=\"http:\/\/plone.ufpb.br\/cccb\/contents\/documentos\/TACC_OFICIAL__2024pginas.pdf\">DO MAR PARA AS TELINHAS: EDUCA\u00c7\u00c3O CIENT\u00cdFICA NA ERA DIGITAL<\/a>&nbsp;&#8211; ALANA GANDALA DA SILVA<\/p>\n\n\n\n<p><a href=\"http:\/\/plone.ufpb.br\/cccb\/contents\/monografias\/taccs-2018-em-diante\/abmm29062023.pdf\">OS ESTUDANTES DA EDUCA\u00c7\u00c3O B\u00c1SICA E OS INSETOS: O QUE ELES SABEM?<\/a>&nbsp;&#8211; ANA BEATRIZ DE MEDEIROS MELO<\/p>\n\n\n\n<p><a href=\"http:\/\/plone.ufpb.br\/cccb\/contents\/documentos\/AFS16122022.pdf\">DIAL\u00c9TICA ENTRE AGRICULTURA FAMILIAR E CAFEICULTURA NA REGI\u00c3O DO VALLE DE TENZA, COL\u00d4MBIA: ASPECTOS PRODUTIVOS, ECON\u00d4MICOS, SOCIAIS E AMBIENTAIS<\/a>&nbsp;&#8211;&nbsp;ANDRESSA FERNANDES DOS SANTOS<\/p>\n\n\n\n<p><a href=\"http:\/\/plone.ufpb.br\/cccb\/contents\/monografias\/taccs-2018-em-diante\/acsn12042024.pdf\">DIVERSIDADE E DISTRIBUI\u00c7\u00c3O DOS APICOTERMITINAE (BLATTODEA, ISOPTERA, TERMITIDAE) DA PARA\u00cdBA, BRASIL<\/a>&nbsp;&#8211; ANTONIO CARVALHO DA SILVA NETO<\/p>\n\n\n\n<p><a href=\"http:\/\/plone.ufpb.br\/cccb\/contents\/documentos\/akcb20052024_compressed.pdf\">PERSPECTIVAS DE ABORDAGEM DA ASTROBIOLOGIA POR PROFESSORES DE BIOLOGIA DO ENSINO M\u00c9DIO VISANDO O DESENVOLVIMENTO DE UM GUIA DID\u00c1TICO<\/a>&nbsp;&#8211; ANDR\u00c9A KARLA DA COSTA BRAND\u00c3O<\/p>\n\n\n\n<p><a href=\"http:\/\/plone.ufpb.br\/cccb\/contents\/documentos\/AASP15122022.pdf\">AS CONTRIBUI\u00c7\u00d5ES E LIMITA\u00c7\u00d5ES DA PSICOLOGIA HIST\u00d3RICO-CULTURAL NO ENSINO DE CI\u00caNCIAS E BIOLOGIA: AN\u00c1LISE DE CONTE\u00daDO DOS ARTIGOS PUBLICADOS NO ENEBIO (2016 &#8211; 2021)<\/a>&nbsp;&#8211;&nbsp;ASTRID ANDRADE SILVA PIRES<\/p>\n\n\n\n<p><a href=\"http:\/\/plone.ufpb.br\/cccb\/contents\/documentos\/TCC_BEATRIZGOMESDEOLIVEIRA.pdf\">ESTIMATIVA POPULACIONAL E DISTRIBUI\u00c7\u00c3O ESPACIAL DOS GATOS&nbsp;DOM\u00c9STICOS (Felis catus LINNAEUS, 1758) NO CAMPUS I DA UFPB, JO\u00c3O&nbsp;PESSOA, PARA\u00cdBA, BRASIL &#8211; MONOGRAFIA<\/a>&nbsp; &#8211;&nbsp;BEATRIZ GOMES DE OLIVEIRA<\/p>\n\n\n\n<p><a href=\"http:\/\/plone.ufpb.br\/cccb\/contents\/documentos\/CYDLF21122022.pdf\">O ENSINO DE FUNGOS NAS ESCOLAS: UMA AN\u00c1LISE DE CARACTER\u00cdSTICAS DOS TRABALHOS PUBLICADOS EM EDI\u00c7\u00d5ES DO ENCONTRO NACIONAL DE ENSINO DE BIOLOGIA<\/a>&nbsp;&#8211;&nbsp;CAMILA YASMIN DIAS DE LIMA FERNANDES&nbsp;<\/p>\n\n\n\n<p><a href=\"http:\/\/plone.ufpb.br\/cccb\/contents\/monografias\/taccs-2018-em-diante\/cao17042024.pdf\">Educa\u00e7\u00e3o inclusiva: Representa\u00e7\u00e3o de pessoas com defici\u00eancias em uma cole\u00e7\u00e3o de livros did\u00e1ticos de biologia para o ensino m\u00e9dio<\/a>&nbsp;&#8211; CICERO AMILTON OLIVEIRA DA SILVA<\/p>\n\n\n\n<p><a href=\"http:\/\/plone.ufpb.br\/cccb\/contents\/documentos\/TACCVERSOFINAL.pdf\">PREDI\u00c7\u00c3O IN SILICO DE ALVOS MOLECULARES RELACIONADOS \u00c0 TOXICIDADE DO DESENVOLVIMENTO DO ANTIPARASIT\u00c1RIO MOXIDECTINA EM ORGANISMOS N\u00c3O ALVO<\/a>&nbsp;&#8211;&nbsp;CLEYTON DE SOUSA GOMES<\/p>\n\n\n\n<p><a href=\"http:\/\/plone.ufpb.br\/cccb\/contents\/monografias\/taccs-2018-em-diante\/cms19062024.pdf\">EDUCA\u00c7\u00c3O AMBIENTAL E O CURR\u00cdCULO ESCOLAR: AN\u00c1LISE DOS CURR\u00cdCULOS DE CI\u00caNCIAS PR\u00c9 E P\u00d3S BASE NACIONAL COMUM CURRICULAR (BNCC) NA PARA\u00cdBA<\/a>&nbsp;&#8211; CRISLAINE MARCOLINO DA SILVA<\/p>\n\n\n\n<p><a href=\"http:\/\/plone.ufpb.br\/cccb\/contents\/monografias\/taccs-2018-em-diante\/ctsf30062023.pdf\">A AFETIVIDADE NO PROCESSO ENSINO-APRENDIZAGEM DE CI\u00caNCIAS E BIOLOGIA<\/a>&nbsp;&#8211; CAROLINA TARCIARA SILVA DE FRAN\u00c7A<\/p>\n\n\n\n<p><a href=\"http:\/\/plone.ufpb.br\/cccb\/contents\/documentos\">A IMPORT\u00c2NCIA DO M\u00c9TODO INVESTIGATIVO NO ENSINO DE CI\u00caNCIAS E&nbsp;BIOLOGIA: APLICA\u00c7\u00d5ES E PROPOSTAS<\/a>&nbsp;&#8211;&nbsp;DANIEL ANTONINO CORDEIRO<\/p>\n\n\n\n<p><a href=\"http:\/\/plone.ufpb.br\/cccb\/contents\/documentos\/dlal01022023-_compressed.pdf\">TECNOLOGIA E EDUCA\u00c7\u00c3O AMBIENTAL: contextualizando visitas em Unidades de Conserva\u00e7\u00e3o<\/a>&nbsp;&#8211; DAVID LUCAS AMORIM LOPES<\/p>\n\n\n\n<p><a href=\"http:\/\/plone.ufpb.br\/cccb\/contents\/documentos\/TCCDANIEL.pdf\">M\u00c9TODOS DE COLETA, PROCESSAMENTO, MONTAGEM E INCORPORA\u00c7\u00c3O DE INSETOS EM COLE\u00c7\u00d5ES ENTOMOL\u00d3GICAS<\/a>&nbsp;&#8211;&nbsp;DANIEL LEITE FURTADO DE ARA\u00daJO<\/p>\n\n\n\n<p><a href=\"http:\/\/plone.ufpb.br\/cccb\/contents\/monografias\/taccs-2018-em-diante\/dlpf29062023.pdf\">ABORDAGEM CTSA (CI\u00caNCIA, TECNOLOGIA, SOCIEDADE E AMBIENTE) NOS LIVROS DID\u00c1TICOS DE CI\u00caNCIAS (6\u00ba AOS 9\u00ba ANOS) APROVADOS PELO PNLD 2020<\/a>&nbsp;&#8211; DANTON LU\u00cdS PEREIRA FRANCISCO<\/p>\n\n\n\n<p><a href=\"http:\/\/plone.ufpb.br\/cccb\/contents\/monografias\/taccs-2018-em-diante\/efpn23042024.pdf\">AN\u00c1LISE DA EVOLU\u00c7\u00c3O DO USO DAS TECNOLOGIAS IMERSIVAS NO ENCONTRO NACIONAL DE PESQUISA EM EDUCA\u00c7\u00c3O EM CI\u00caNCIAS<\/a>&nbsp;&#8211; EDVALDO FERREIRA DE PONTES NETO<\/p>\n\n\n\n<p><a href=\"http:\/\/plone.ufpb.br\/cccb\/contents\/documentos\/ESA20072022.pdf\">PLANTAS NOT\u00c1VEIS DA PRA\u00c7A DA INDEPEND\u00caNCIA &#8211; JO\u00c3O PESSOA \/ PARA\u00cdBA<\/a>&nbsp;&#8211; EVERSON SILVA DE AZEVEDO<\/p>\n\n\n\n<p><a href=\"http:\/\/plone.ufpb.br\/cccb\/contents\/monografias\/taccs-2018-em-diante\/efs18072024.pdf\">Contribui\u00e7\u00f5es taxon\u00f4micas para o g\u00eanero Cortinarius (Agaricaceae, Basidiomycota) da regi\u00e3o amaz\u00f4nica<\/a>&nbsp;&#8211; ELFIE FERNANDES DE SOUSA<\/p>\n\n\n\n<p><a href=\"http:\/\/plone.ufpb.br\/cccb\/contents\/documentos\/TACCFernandoRezende_07_Maio.2024_comcorrees.pdf\">A INCID\u00caNCIA DAS MACROTEND\u00caNCIAS DA EDUCA\u00c7\u00c3O AMBIENTAL EM PUBLICA\u00c7\u00d5ES DE EVENTOS CIENT\u00cdFICOS<\/a>&nbsp;&#8211; FERNANDO SOARES MOURA REZENDE FILHO<\/p>\n\n\n\n<p><a href=\"http:\/\/plone.ufpb.br\/cccb\/contents\/documentos\/copy2_of_TGBF21122022.pdf\">Cento e vinte anos de estudos sobre Pycnogonida Latreille, 1810: An\u00e1lise da literatura, e&nbsp;descri\u00e7\u00e3o do est\u00e1gio larval de Pallenopsis tumidula Loman, 1923<\/a>&nbsp;&#8211;&nbsp;GABRIEL BRAYNER FERR\u00c1RIO<\/p>\n\n\n\n<p><a href=\"http:\/\/plone.ufpb.br\/cccb\/contents\/monografias\/taccs-2018-em-diante\/gdmf19072023.pdf\">EFEITO DO MICRO E MACROCLIMA SOBRE O CANTO DE AN\u00daNCIO DE ANUROS DA CAATINGA<\/a>&nbsp;&#8211; GABRIEL DAVID MOURA DE FIGUEIREDO<\/p>\n\n\n\n<p><a href=\"http:\/\/plone.ufpb.br\/cccb\/contents\/monografias\/taccs-2018-em-diante\/ggp23012023.pdf\">FEN\u00d3TIPO DIGITAL DA SA\u00daDE PARENTAL DE M\u00c3ES ESTUDANTES EM MEIO ACAD\u00caMICO<\/a>&nbsp;&#8211; GABRIELA GOMES PEREIRA<\/p>\n\n\n\n<p><a href=\"http:\/\/plone.ufpb.br\/cccb\/contents\/documentos\/GGHM20122022.pdf\">ENTOMOLOGIA NOS LIVROS DID\u00c1TICOS:&nbsp;AN\u00c1LISE E COMPARA\u00c7\u00c3O ANTES E DEPOIS DA RECENTE REFORMA DO ENSINO M\u00c9DIO<\/a>&nbsp;&#8211;&nbsp;Gabriela Gouveia Henriques Martins<\/p>\n\n\n\n<p><a href=\"http:\/\/plone.ufpb.br\/cccb\/contents\/documentos\/hbm18062024-_compressed.pdf\">ANATOMIA COMPARADA DO NEUROCR\u00c2NIO EM SQUATINA<\/a>&nbsp;&#8211; HENRIQUE DE BRITO MAFALDO<\/p>\n\n\n\n<p><a href=\"http:\/\/plone.ufpb.br\/cccb\/contents\/documentos\/HNUL22072024_compressed.pdf\">GUIA PR\u00c1TICO DE TERMOS FLORAIS: SUBS\u00cdDIO AO ENSINO DE BOT\u00c2NICA<\/a>&nbsp;&#8211; H\u00c9LLEN NEVES UCH\u00d4A DE LIMA<\/p>\n\n\n\n<p><br><a href=\"http:\/\/plone.ufpb.br\/cccb\/contents\/monografias\/taccs-2018-em-diante\/homf22072024.pdf\">METAMORFOSES DO OLHAR, NA COMPREENS\u00c3O SOBRE PLANTAS, EM GOETHE<\/a>&nbsp;&#8211; HERMES DE OLIVEIRA MACHADO FILHO<\/p>\n\n\n\n<p><a href=\"http:\/\/plone.ufpb.br\/cccb\/contents\/documentos\/IAS190120231.pdf\">EDUCA\u00c7\u00c3O AMBIENTAL NO CONTEXTO ESCOLAR:&nbsp;An\u00e1lise dos artigos publicados na Revista Eletr\u00f4nica Educa\u00e7\u00e3o Ambiental em A\u00e7\u00e3o (2020 a 2022)<\/a>&nbsp;&#8211;&nbsp;IARA ALVES DE SOUZA<\/p>\n\n\n\n<p><a href=\"http:\/\/plone.ufpb.br\/cccb\/contents\/documentos\/IKSR03082022.pdf\">OS DESAFIOS ENFRENTADOS PELOS DOCENTES DURANTE O PER\u00cdODO DA PANDEMIA DE COVID-19: Uma Revis\u00e3o Bibliogr\u00e1fica<\/a>&nbsp;&#8211;&nbsp;IANNY KELLY DOS SANTOS RODRIGUES<\/p>\n\n\n\n<p><a href=\"http:\/\/plone.ufpb.br\/cccb\/contents\/monografias\/taccs-2018-em-diante\/iala10042024.pdf\">BOT\u00c2NICA NO ENSINO M\u00c9DIO: uma revis\u00e3o bibliogr\u00e1fica acerca dos m\u00e9todos aplicados ao ensino-aprendizagem<\/a>&nbsp;&#8211; IRANILDA DE ARA\u00daJO LIMA ABRANTES<\/p>\n\n\n\n<p><a href=\"http:\/\/plone.ufpb.br\/cccb\/contents\/monografias\/taccs-2018-em-diante\/iew20012023.pdf\">AN\u00c1LISE DAS RELA\u00c7\u00d5ES ECOL\u00d3GICAS EM LIVROS DID\u00c1TICOS NO ENSINO M\u00c9DIO E SUPERIOR<\/a>&nbsp;&#8211; IGOR ESP\u00cdNOLA WINKELER<\/p>\n\n\n\n<p><a href=\"http:\/\/plone.ufpb.br\/cccb\/contents\/documentos\/tcc.com.ficha.pdf\">A ABORDAGEM DA TEM\u00c1TICA INFEC\u00c7\u00d5ES SEXUALMENTE TRANSMISS\u00cdVEIS NOS LIVROS DID\u00c1TICOS: uma an\u00e1lise sistematizada de uma cole\u00e7\u00e3o adotada por escolas p\u00fablicas do estado da Para\u00edba<\/a>&nbsp;&#8211; JANDIELLISON SOUZA DA SILVA<\/p>\n\n\n\n<p><a href=\"http:\/\/plone.ufpb.br\/cccb\/contents\/documentos\/JSS23122022.pdf\">EDUCA\u00c7\u00c3O EM SA\u00daDE NO ENSINO DE CI\u00caNCIAS E BIOLOGIA POR INVESTIGA\u00c7\u00c3O: UMA AN\u00c1LISE DE PUBLICA\u00c7\u00d5ES EM REVISTAS E EVENTOS CIENT\u00cdFICOS (2017-2021)<\/a>&nbsp;&#8211; J\u00c9SSICA SANTANA DOS SANTOS<\/p>\n\n\n\n<p><a href=\"http:\/\/plone.ufpb.br\/cccb\/contents\/monografias\/taccs-2018-em-diante\/jbcmj23042024.pdf\">SEXUALIDADE HUMANA NOS LIVROS DIDATICOS DE \u201cCI\u00caNCIAS DA NATUREZA E SUAS TECNOLOGIAS (NOVO ENSINO M\u00c9DIO) DAS COLE\u00c7\u00d5ES DID\u00c1TICAS APROVADOS PELA PNLD 2021<\/a>&nbsp;&#8211; JOSIVALDO BORBA CAVALCANTI DE MOURA J\u00daNIOR<\/p>\n\n\n\n<p><a href=\"http:\/\/plone.ufpb.br\/cccb\/contents\/documentos\/organized_240806_084711.pdf\">PROFESSORES DE CI\u00caNCIAS E BIOLOGIA NAS ATIVIDADES PR\u00c1TICAS E&nbsp;EXPERIMENTAIS NOS LABORAT\u00d3RIOS ESCOLARES NA CIDADE DE MARI\/PB<\/a>&nbsp;&#8211;&nbsp;JOSINALDO GOMES DE SOUSA J\u00daNIOR<\/p>\n\n\n\n<p><a href=\"http:\/\/plone.ufpb.br\/cccb\/contents\/monografias\/taccs-2018-em-diante\/jcf17042024.pdf\">AROMATERAPIA EM MODELOS ANIMAIS E EVID\u00caNCIAS FISIOL\u00d3GICAS DE UMA T\u00c9CNICA MILENAR QUE PODE MUDAR O FUTURO: UMA REVIS\u00c3O NARRATIVA<\/a>&nbsp;&#8211; J\u00daLIO C\u00c9SAR DE FRAN\u00c7A SILVA<\/p>\n\n\n\n<p><a href=\"http:\/\/plone.ufpb.br\/cccb\/contents\/monografias\/taccs-2018-em-diante\/jfla18062024.pdf\">Tend\u00eancias observadas nas metodologias pedag\u00f3gicas do ensino aprendizagem de biologia celular no per\u00edodo de 2013 a 2023<\/a>&nbsp;&#8211; JESSICA FONTENELE LINS DO AMARAL<\/p>\n\n\n\n<p><a href=\"http:\/\/plone.ufpb.br\/cccb\/contents\/monografias\/taccs-2018-em-diante\/jlas19062024.pdf\">USO DE JOGOS DID\u00c1TICOS: um foco na aprendizagem de Bot\u00e2nica no 7\u00ba ano do ensino fundamental de uma Escola P\u00fablica de Jo\u00e3o Pessoa<\/a>&nbsp;&#8211; JAMILY LEILA ALCANTARA DA SILVA<\/p>\n\n\n\n<p><a href=\"http:\/\/plone.ufpb.br\/cccb\/contents\/monografias\/taccs-2018-em-diante\/jmas24022023.pdf\">Inicia\u00e7\u00e3o Cient\u00edfica em um Curso de Licenciatura em Ci\u00eancias Biol\u00f3gicas: uma an\u00e1lise a partir da epistemologia de Fleck e dos movimentos ret\u00f3ricos (Swales) na escrita cient\u00edfica<\/a>&nbsp;&#8211; Jean Miguel Alves dos Santos<\/p>\n\n\n\n<p><a href=\"http:\/\/plone.ufpb.br\/cccb\/contents\/monografias\/taccs-2018-em-diante\/jmog26072024.pdf\">Possibilidades e desafios da educa\u00e7\u00e3o cient\u00edfica para estudantes surdos: uma revis\u00e3o bibliogr\u00e1fica<\/a>&nbsp;&#8211; Jard\u00eanya Maria de Oliveira Gonzaga<\/p>\n\n\n\n<p><a href=\"http:\/\/plone.ufpb.br\/cccb\/contents\/monografias\/taccs-2018-em-diante\/jmvm04072023.pdf\">AVALIA\u00c7\u00c3O DOS CONTE\u00daDOS SOBRE BIODIVERSIDADE E ECOSSISTEMAS MARINHOS NOS LIVROS DID\u00c1TICOS DO 7\u00ba E 8\u00ba ANO DA REDE DE ENSINO P\u00daBLICO DE JO\u00c3O PESSOA &#8211; PB<\/a>&nbsp;&#8211; JEFFERSON MARCOS VALDEVINO MESQUITA<\/p>\n\n\n\n<p><a href=\"http:\/\/plone.ufpb.br\/cccb\/contents\/monografias\/taccs-2018-em-diante\/jpm19062024.pdf\">DA UNIVERSIDADE \u00c0 COMUNIDADE: UMA VIAGEM PELA DIVULGA\u00c7\u00c3O CIENT\u00cdFICA NAS A\u00c7\u00d5ES EXTENSIONISTAS DO DEPARTAMENTO DE SISTEM\u00c1TICA E ECOLOGIA DA UFPB CAMPUS I<\/a>&nbsp;&#8211; JOYCE PEREIRA DE MORAIS<\/p>\n\n\n\n<p><a href=\"http:\/\/plone.ufpb.br\/cccb\/contents\/monografias\/taccs-2018-em-diante\/jrlf15042024.pdf\">DIVERSIDADE DE POACEAE BARNHART DA RESTINGA DA PRAIA DE MANA\u00cdRA, JO\u00c3O PESSOA (PB)<\/a>&nbsp;&#8211; JOS\u00c9 RICARDO LEAL FILHO<\/p>\n\n\n\n<p><a href=\"http:\/\/plone.ufpb.br\/cccb\/contents\/monografias\/taccs-2018-em-diante\/jsl12042024.pdf\">O PAPEL DAS SECRETARIAS ESTADUAL E MUNICIPAL NA GEST\u00c3O AMBIENTAL DO LITORAL DA CIDADE DE JO\u00c3O PESSOA<\/a>&nbsp;&#8211; JOCEANE DA SILVA LIMA<\/p>\n\n\n\n<p><a href=\"http:\/\/plone.ufpb.br\/cccb\/contents\/documentos\/TCCcomfichacatalogrfica.pdf\">POTENCIAL DO FUNGO Trametes lactinea NOS PROCESSOS DE DESCOLORA\u00c7\u00c3O E DEGRADA\u00c7\u00c3O ENZIM\u00c1TICA DO CORANTE T\u00caXTIL \u00cdNDIGO CARMIM<\/a>&nbsp;&#8211; JOICE FERREIRA ANDRADE SANTOS<\/p>\n\n\n\n<p><a href=\"http:\/\/plone.ufpb.br\/cccb\/contents\/monografias\/taccs-2018-em-diante\/jva19072024.pdf\">ENSINO DE BOT\u00c2NICA: ESTRAT\u00c9GIAS DE ENSINO POR INVESTIGA\u00c7\u00c3O PARA UMA APRENDIZAGEM SIGNIFICATIVA<\/a>&nbsp;&#8211; J\u00c9SSIKA VENTURA ALVES<\/p>\n\n\n\n<p><a href=\"http:\/\/plone.ufpb.br\/cccb\/contents\/monografias\/taccs-2018-em-diante\/kks04072023.pdf\">AN\u00c1LISE CIENCIOM\u00c9TRICA SOBRE MACROALGAS NO ESTADO DA PARA\u00cdBA<\/a>&nbsp;&#8211; KAROLINY DE K\u00c1CIA SIQUEIRA<\/p>\n\n\n\n<p><a href=\"http:\/\/plone.ufpb.br\/cccb\/contents\/monografias\/taccs-2018-em-diante\/laf27012023.pdf\">PERCEP\u00c7\u00c3O DE HABITANTES DE ITAPORANGA-PB ACERCA DOS IMPACTOS AMBIENTAIS PROVENIENTES DE F\u00c1BRICAS T\u00caXTEIS<\/a>&nbsp;&#8211; LUANA \u00c2NGELO FIGUEIR\u00caDO<\/p>\n\n\n\n<p><a href=\"http:\/\/plone.ufpb.br\/cccb\/contents\/documentos\/tacc-luana-zapff-farias-gadelha.pdf\">REVIS\u00c3O E IDENTIFICA\u00c7\u00c3O DOS EUNICIDAE BERTHOLD, 1827 (ANNELIDA, POLYCHAETA) DA COLE\u00c7\u00c3O DE INVERTEBRADOS PAULO YOUNG, UFPB, COM \u00caNFASE NO G\u00caNERO LEODICE LAMARCK, 1818.<\/a>&nbsp;&#8211;&nbsp;LUANA ZAPFF FARIAS GADELHA<\/p>\n\n\n\n<p><a href=\"http:\/\/plone.ufpb.br\/cccb\/contents\/monografias\/taccs-2018-em-diante\/lasm12062024.pdf\">AN\u00c1LISE DO POTENCIAL ANTIOXIDANTE DE HIDROLISADOS DO SORO DE LEITE CAPRINO DA RA\u00c7A TOGGENBURG<\/a>&nbsp;&#8211; LISANDRA AMORIM DE SOUSA MELO<\/p>\n\n\n\n<p><a href=\"http:\/\/plone.ufpb.br\/cccb\/contents\/documentos\/LAF27012023.pdf\">PERCEP\u00c7\u00c3O DE HABITANTES DE ITAPORANGA-PB ACERCA DOS IMPACTOS AMBIENTAIS PROVENIENTES DE F\u00c1BRICAS T\u00caXTEIS<\/a>&nbsp;&#8211;&nbsp;LUANA \u00c2NGELO FIGUEIR\u00caDO<\/p>\n\n\n\n<p><a href=\"http:\/\/plone.ufpb.br\/cccb\/contents\/monografias\/taccs-2018-em-diante\/lfs30062023.pdf\">OS POVOS IND\u00cdGENAS NOS LIVROS DID\u00c1TICOS DE CI\u00caNCIAS: UMA AN\u00c1LISE DAS COLE\u00c7\u00d5ES MAIS UTILIZADAS NA PARA\u00cdBA-PB, PNLD 2020<\/a>&nbsp;&#8211; LUCAS FERNANDES DA SILVA<\/p>\n\n\n\n<p><a href=\"http:\/\/plone.ufpb.br\/cccb\/contents\/documentos\/TACCINFLUNCIADATEMPERATURANOREPARODOSNINHOSDENASUTITERMESEPHRATAEok.pdf\">INFLU\u00caNCIA DA TEMPERATURA NO REPARO DOS NINHOS DE&nbsp;NASUTITERMES EPHRATAE (HOLMGREN,1910) (BLATTODEA: ISOPTERA)<\/a>&nbsp;&#8211;&nbsp;LUCINALDO CAVALCANTE DE LIMA JUNIOR<\/p>\n\n\n\n<p><a href=\"http:\/\/plone.ufpb.br\/cccb\/contents\/documentos\/TCCKatarinaRocha.docx.pdf\">Percep\u00e7\u00e3o qu\u00edmica e resposta comportamental entre indiv\u00edduos intraespec\u00edficos do escorpi\u00e3o Jaguajir rochae (Borelli, 1910) (Arachnida: Scorpiones)<\/a>&nbsp;&#8211; Katarina Lu\u00edsa Ara\u00fajo Rocha da Silva<\/p>\n\n\n\n<p><a href=\"http:\/\/plone.ufpb.br\/cccb\/contents\/monografias\/taccs-2018-em-diante\/masm20012023.pdf\">O PROTAGONISMO ESTUDANTIL E A BOT\u00c2NICA: HORTA COMO VE\u00cdCULO DE APRENDIZAGEM<\/a>&nbsp;&#8211; MARIA ANT\u00d4NIA DE SENA MOTA<\/p>\n\n\n\n<p><a href=\"http:\/\/plone.ufpb.br\/cccb\/contents\/documentos\/MBFGP23122022.pdf\">O EFEITO DAS MUDAN\u00c7AS CLIM\u00c1TICAS FUTURAS SOBRE A PROPAGA\u00c7\u00c3O DO CANTO DE AN\u00daNCIO DE ANUROS DA CAATINGA E MATA ATL\u00c2NTICA \u2013 MONOGRAFIA<\/a>&nbsp;&#8211; MARIA BEATRIZ FAGUNDES GOV\u00caA PIZZO<\/p>\n\n\n\n<p><a href=\"http:\/\/plone.ufpb.br\/cccb\/contents\/documentos\/TCCRenatafinal.pdf\">OS PRIMEIROS MESES DA COVID-19: O IN\u00cdCIO DA PANDEMIA<\/a>&nbsp;&#8211;&nbsp;MARIA RENATA FERREIRA JUVENAL<\/p>\n\n\n\n<p><a href=\"http:\/\/plone.ufpb.br\/cccb\/contents\/monografias\/taccs-2018-em-diante\/mdom22072024.pdf\">&nbsp;HORTA E INTERDISCIPLINARIDADE COMO ESTRAT\u00c9GIA DE ENSINO NA EDUCA\u00c7\u00c3O B\u00c1SICA<\/a>&nbsp;&#8211;&nbsp;MICHAEL DOUGLAS DE OLIVEIRA MELO<\/p>\n\n\n\n<p><a href=\"http:\/\/plone.ufpb.br\/cccb\/contents\/monografias\/taccs-2018-em-diante\/mel19072024.pdf\">INFLU\u00caNCIA DO ENSINO DE CI\u00caNCIAS E BIOLOGIA NA VIS\u00c3O DOS CORPOS GORDOS: uma perspectiva autobiogr\u00e1fica&nbsp;<\/a>&#8211; MAYRA ELLEN DE LIMA<\/p>\n\n\n\n<p><a href=\"http:\/\/plone.ufpb.br\/cccb\/contents\/monografias\/taccs-2018-em-diante\/mhrs18062024.pdf\">M\u00daLTIPLAS PERCEP\u00c7\u00d5ES DO ENSINO DE CI\u00caNCIAS E BIOLOGIA PARA ESTUDANTES COM DEFICI\u00caNCIA NO CONTEXTO DA EJA: VIV\u00caNCIAS NO PROGRAMA RESID\u00caNCIA PEDAG\u00d3GICA<\/a>&nbsp;&#8211; MARIA HELOISA RODRIGUES DA SILVA<\/p>\n\n\n\n<p><a href=\"http:\/\/plone.ufpb.br\/cccb\/contents\/monografias\/taccs-2018-em-diante\/miss12042024.pdf\">A EDUCA\u00c7\u00c3O AMBIENTAL NA INTERFACE COM A EDUCA\u00c7\u00c3O INFANTIL: UMA REVIS\u00c3O SISTEM\u00c1TICA EM PERI\u00d3DICOS INDEXADOS NA PLATAFORMA SCIELO<\/a>&nbsp;&#8211; MARCELA IARA SILVA DOS SANTOS<\/p>\n\n\n\n<p><a href=\"http:\/\/plone.ufpb.br\/cccb\/contents\/documentos\/AUTOECOLOGIADEScinaxpachycrusANURAHYLIDAENAREGIONORDESTEDOBRASIL.pdf\">AUTOECOLOGIA DE Scinax pachycrus (ANURA, HYLIDAE) NA REGI\u00c3O NORDESTE DO BRASIL<\/a>&nbsp;&#8211; MARCELO ARAG\u00c3O DE BRITO FILHO<\/p>\n\n\n\n<p><a href=\"http:\/\/plone.ufpb.br\/cccb\/contents\/monografias\/taccs-2018-em-diante\/mkls22072024.pdf\">ENSINO DE BOT\u00c2NICA: UTILIZA\u00c7\u00c3O DAS PLANTAS MEDICINAIS NAS ESTRAT\u00c9GIAS DE APRENDIZAGEM DOS ESTUDANTES DA EDUCA\u00c7\u00c3O B\u00c1SICA<\/a>&nbsp;&#8211; MELLISSA KARLLA LIMA DOS SANTOS<\/p>\n\n\n\n<p><a href=\"http:\/\/plone.ufpb.br\/cccb\/contents\/documentos\/TACCFinalMateusMartins.pdf\">A PESQUISA EM EDUCA\u00c7\u00c3O\/ENSINO EM ICTIOLOGIA: AN\u00c1LISE DOS&nbsp;TRABALHOS PUBLICADOS NOS ANAIS DO CONGRESSO BRASILEIRO DE&nbsp;ZOOLOGIA (PER\u00cdODO 2012 &#8211; 2020)<\/a>&nbsp;&#8211;&nbsp;MATEUS DA SILVA MARTINS<\/p>\n\n\n\n<p><a href=\"http:\/\/plone.ufpb.br\/cccb\/contents\/documentos\/MFO16122022.pdf\">TEMAS DE EDUCA\u00c7\u00c3O EM SA\u00daDE EM LIVROS DIDATICOS DE BIOLOGIA: PAR\u00c2METROS DE ALFABETIZA\u00c7\u00c3O CIENTFICA<\/a>&nbsp;&#8211;&nbsp;MATEUS FREITAS OLIVEIRA<\/p>\n\n\n\n<p><a href=\"http:\/\/plone.ufpb.br\/cccb\/contents\/documentos\/MRAAE16122022.pdf\">O PROCESSO DE ENSINO E APRENDIZAGEM NO ENSINO FUNDAMENTAL&nbsp;ANOS FINAIS: UMA EXPERI\u00caNCIA VIVENCIADA ATRAV\u00c9S DA OBSERVA\u00c7\u00c3O&nbsp;DOS PONTOS POSITIVOS E NEGATIVOS DO ENSINO REMOTO<\/a>&nbsp;&#8211;&nbsp;MIHAEL REINALDO ARA\u00daJO DE ALBUQUERQUE ESCOBAR<\/p>\n\n\n\n<p><a href=\"http:\/\/plone.ufpb.br\/cccb\/contents\/monografias\/taccs-2018-em-diante\/nafa16072024.pdf\">A PESQUISA EM EDUCA\u00c7\u00c3O\/ENSINO EM HERPETOLOGIA: AN\u00c1LISE DOS TRABALHOS PUBLICADOS NOS ANAIS DO CONGRESSO BRASILEIRO DE HERPETOLOGIA &#8211; CBH (PER\u00cdODO 2013 &#8211; 2017<\/a>) &#8211; NATHAN ANGELO FELIZARDO ALVES<\/p>\n\n\n\n<p><a href=\"http:\/\/plone.ufpb.br\/cccb\/contents\/monografias\/taccs-2018-em-diante\/nsm30062023.pdf\">OS DESAFIOS E POSSIBILIDADES DA PR\u00c1TICA DOCENTE NO ENSINO DE CI\u00caNCIAS E BIOLOGIA<\/a>&nbsp;&#8211; NAT\u00c1LIA DA SILVA MARTINS<\/p>\n\n\n\n<p><a href=\"http:\/\/plone.ufpb.br\/cccb\/contents\/monografias\/taccs-2018-em-diante\/nufc17042024.pdf\">Checklist do Ophiocordyceps (Hypocreales, Ascomycota) para o Brasil<\/a>&nbsp;&#8211; Nath\u00e1lia Ubaldo Ferretti Cisneros<\/p>\n\n\n\n<p><a href=\"http:\/\/plone.ufpb.br\/cccb\/contents\/monografias\/taccs-2018-em-diante\/rcgp26012023.pdf\">Ensino de Ci\u00eancias e as Tecnologias Sociais como instrumento pedag\u00f3gico para o letramento cient\u00edfico na educa\u00e7\u00e3o do campo<\/a>&nbsp;&#8211; RAYSSA CRISTINE GOME PRAXEDES<\/p>\n\n\n\n<p><a href=\"http:\/\/plone.ufpb.br\/cccb\/contents\/monografias\/taccs-2018-em-diante\/rllo22052024.pdf\">PLANTAS MEDICINAIS COMO TEMA GERADOR PARA A APRENDIZAGEM DE BOT\u00c2NICA NAS TURMAS DA 2\u00aa S\u00c9RIE DO ENSINO M\u00c9DIO<\/a>&nbsp;&#8211;&nbsp;RAIANY LARISSA LIMA DE OLIVEIRA<\/p>\n\n\n\n<p><a href=\"http:\/\/plone.ufpb.br\/cccb\/contents\/monografias\/taccs-2018-em-diante\/rpmp25012023.pdf\">A ALIMENTA\u00c7\u00c3O SAUD\u00c1VEL E O ENSINO DE CI\u00caNCIAS: UMA PROPOSTA DE SEQU\u00caNCIA DID\u00c1TICA<\/a>&nbsp;&#8211; RAFAEL PETRUCCI MARQUES PINTO<\/p>\n\n\n\n<p><a href=\"http:\/\/plone.ufpb.br\/cccb\/contents\/documentos\/RNM16122022.pdf\">A FORMA\u00c7\u00c3O DE PROFESSORES E A MODALIDADE DA EJA NO CURSO DE LICENCIATURA EM CI\u00caNCIAS BIOL\u00d3GICAS: CONTRIBUI\u00c7\u00d5ES DO PROJETO PET\/CONEX\u00d5ES DE SABERES EM UMA UNIVERSIDADE P\u00daBLICA<\/a>&nbsp;&#8211; RAFAELLY DO NASCIMENTO MARQUES<\/p>\n\n\n\n<p><a href=\"http:\/\/plone.ufpb.br\/cccb\/contents\/monografias\/taccs-2018-em-diante\/rs28062023.pdf\">POTENCIALIDADES EDUCATIVAS DO PARQUE ZOOBOT\u00c2NICO ARRUDA C\u00c2MARA PARA O ENSINO DE CI\u00caNCIAS EM VISITA GUIADA: UM ROTEIRO PARA ATENDER ESTUDANTES DO S\u00c9TIMO ANO DO ENSINO FUNDAMENTAL<\/a>&nbsp;&#8211; RAQUEL DE SOUZA<\/p>\n\n\n\n<p><a href=\"http:\/\/plone.ufpb.br\/cccb\/contents\/documentos\/TCC_RaquelCarvalho_final.pdf\">PADR\u00d5ES MORFOL\u00d3GICOS E EVOLUTIVOS EM SEMENTES DE SOLANUM CLADO BREVANTHERUM (SOLANACEAE): INVESTIGANDO A VARIA\u00c7\u00c3O DA FORMA<\/a>&nbsp;&#8211; RAQUEL GOMES GON\u00c7ALVES DE CARVALHO<\/p>\n\n\n\n<p><a href=\"http:\/\/plone.ufpb.br\/cccb\/contents\/monografias\/taccs-2018-em-diante\/rsuo01022023.pdf\">ANATO EM A\u00c7\u00c3O: JOGO DID\u00c1TICO PARA AUXILIAR O ENSINO E APRENDIZAGEM EM ANATOMIA HUMANA<\/a>&nbsp;&#8211; REBECA SOUZA UCH\u00d4A OLIVEIRA<\/p>\n\n\n\n<p><a href=\"http:\/\/plone.ufpb.br\/cccb\/contents\/monografias\/taccs-2018-em-diante\/rval30062023.pdf\">ESTRUTURA POPULACIONAL DO CORAL&nbsp;<\/a><a href=\"http:\/\/plone.ufpb.br\/cccb\/contents\/monografias\/taccs-2018-em-diante\/rval30062023.pdf\"><em>MUSSIMILIA HARTTII<\/em><\/a><a href=\"http:\/\/plone.ufpb.br\/cccb\/contents\/monografias\/taccs-2018-em-diante\/rval30062023.pdf\">&nbsp;(VERRIL, 1868) NO NORDESTE BRASILEIRO<\/a>&nbsp;&#8211; RAFISA VIRGINIA ALTIVO LAZZARIN<\/p>\n\n\n\n<p><a href=\"http:\/\/plone.ufpb.br\/cccb\/contents\/documentos\/RCGP26012023.pdf\">Ensino de Ci\u00eancias e as Tecnologias Sociais como instrumento pedag\u00f3gico para o letramento cient\u00edfico na educa\u00e7\u00e3o do campo<\/a>&nbsp;&#8211;&nbsp;RAYSSA CRISTINE GOME PRAXEDES<\/p>\n\n\n\n<p><a href=\"http:\/\/plone.ufpb.br\/cccb\/contents\/documentos\/copy_of__TCCReginafinal.pdf\">COINFEC\u00c7\u00d5ES POR COVID-19 E DENGUE RELATADAS EM PA\u00cdSES DA AM\u00c9RICA LATINA, ENTRE 2020 E 2024: UMA REVIS\u00c3O SISTEM\u00c1TICA<\/a>&nbsp;&#8211; Regina Helena Maria da Gl\u00f3ria Lopes de Araujo Bastos<\/p>\n\n\n\n<p><a href=\"http:\/\/plone.ufpb.br\/cccb\/contents\/documentos\/RTP24082021.pdf\">EDUCA\u00c7\u00c3O AMBIENTAL: Percep\u00e7\u00e3o dos Professores e Estudantes em duas Escolas Estaduais de Jo\u00e3o Pessoa-Para\u00edba<\/a>&nbsp;&#8211; ROS\u00c2NGELA TARGINO PEREIRA<\/p>\n\n\n\n<p><a href=\"http:\/\/plone.ufpb.br\/cccb\/contents\/documentos\/TCCVersoFinalRobertadaSilvaSimas.pdf\">LEVANTAMENTO PRELIMINAR DA ODONATOFAUNA DO PARQUE NATURAL MUNICIPAL PROFESSOR JO\u00c3O VASCONCELOS SOBRINHO, \u201cSERRA DOS CAVALOS\u201d, CARUARU \u2013 PERNAMBUCO A PARTIR DOS EXEMPLARES DEPOSITADOS NA DSEC\/UFPB<\/a>&nbsp;&#8211; ROBERTA DA SILVA SIMAS<\/p>\n\n\n\n<p>&nbsp;<a href=\"http:\/\/plone.ufpb.br\/cccb\/contents\/monografias\/taccs-2018-em-diante\/sam26072023.pdf\">HIST\u00d3RIA DA CI\u00caNCIA NO ENSINO M\u00c9DIO: UM ESTUDO QUALI- QUANTITATIVO EM LIVROS DID\u00c1TICOS DE BIOLOGIA&nbsp;<\/a>&#8211;&nbsp;SAMARA ALVES MENDON\u00c7A<\/p>\n\n\n\n<p><a href=\"http:\/\/plone.ufpb.br\/cccb\/contents\/monografias\/taccs-2018-em-diante\/sbm19062024.pdf\">\u00cdNDICES DE EVAS\u00c3O DO CURSO DE CI\u00caNCIAS BIOL\u00d3GICAS DA UNIVERSIDADE FEDERAL DA PARA\u00cdBA NO PERIODO ENTRE 2019 E 2023<\/a>&nbsp;&#8211; SAMARA BATISTA MONTENEGRO<\/p>\n\n\n\n<p><a href=\"http:\/\/plone.ufpb.br\/cccb\/contents\/documentos\/SMS21122022.pdf\">EDUCA\u00c7\u00c3O COMO FERRAMENTA DE INCLUS\u00c3O DE PESSOAS COM NECESSIDADES ESPECIAIS NA CIDADE DE ITAMB\u00c9-PE<\/a>&nbsp;&#8211; SEVERINO MONTEIRO DA SILVA<\/p>\n\n\n\n<p><a href=\"http:\/\/plone.ufpb.br\/cccb\/contents\/documentos\/copy_of_TCCStefanieSales_VersoFinal.pdf\">UMA AN\u00c1LISE DA TEM\u00c1TICA DENGUE EM LIVROS DID\u00c1TICOS DE CI\u00caNCIAS APROVADOS PELO PNLD 2024 UTILIZADOS NO MUN\u00cdCIPIO DE JO\u00c3O PESSOA &#8211; PB<\/a>&nbsp;&#8211;&nbsp;STEFANIE SANTOS DE SALES&nbsp;<\/p>\n\n\n\n<p><a href=\"http:\/\/plone.ufpb.br\/cccb\/contents\/monografias\/taccs-2018-em-diante\/tam23042024.pdf\">APRENDENDO BOT\u00c2NICA NA PRA\u00c7A DA PAZ: UMA PROPOSTA DE SEQU\u00caNCIA DID\u00c1TICA<\/a>&nbsp;&#8211; THIALISOM ARRUDA MATIAS<\/p>\n\n\n\n<p><a href=\"http:\/\/plone.ufpb.br\/cccb\/contents\/monografias\/taccs-2018-em-diante\/trns30062023.pdf\">O FILO ARTHROPODA NOS LIVROS DID\u00c1TICOS DE BIOLOGIA DA 2\u00aa S\u00c9RIE DO ENSINO M\u00c9DIO<\/a>&nbsp;&#8211; THATIANE RAYSSA DO NASCIMENTO SILVA<\/p>\n\n\n\n<p><a href=\"http:\/\/plone.ufpb.br\/cccb\/contents\/monografias\/taccs-2018-em-diante\/trsd02062023.pdf\">AS CI\u00caNCIAS BIOL\u00d3GICAS E A PR\u00c1TICA FORENSE NO PROJETO PEDAG\u00d3GICO DO CURSO DO BACHARELADO EM CI\u00caNCIAS BIOL\u00d3GICAS DO CCEN-UFPB<\/a>&nbsp;&#8211; THAIS RAIANNY SOARES DOMINGOS<\/p>\n\n\n\n<p><a href=\"http:\/\/plone.ufpb.br\/cccb\/contents\/monografias\/taccs-2018-em-diante\/vbr12062024.pdf\">A EXPERIMENTA\u00c7\u00c3O NO CURR\u00cdCULO DE CI\u00caNCIAS NA PARA\u00cdBA<\/a>&nbsp;&#8211; VIT\u00d3RIA BASTOS RANGEL<\/p>\n\n\n\n<p><a href=\"http:\/\/plone.ufpb.br\/cccb\/contents\/documentos\/TACCVitriaCalixtoRepositrio.pdf\">AVALIA\u00c7\u00c3O QUANTI-QUALITATIVA DE UMA EXPERI\u00caNCIA MULTISSENSORIAL NO ENSINO DA ANATOMIA DO SISTEMA CIRCULAT\u00d3RIO HUMANO<\/a>&nbsp;&#8211; VIT\u00d3RIA CALIXTO DA N\u00d3BREGA<\/p>\n\n\n\n<p><a href=\"http:\/\/plone.ufpb.br\/cccb\/contents\/documentos\/TCCVitoriafinal.pdf\">COVID-19: AS VARIANTES DO SARS-CoV-2&nbsp;<\/a>&#8211;&nbsp;VIT\u00d3RIA MARIA OLIVEIRA DE FIGUEIREDO<\/p>\n\n\n\n<p><a href=\"http:\/\/plone.ufpb.br\/cccb\/contents\/monografias\/taccs-2018-em-diante\/vsp08092023.pdf\">AVES DO PARQUE ZOOBOT\u00c2NICO ARRUDA C\u00c2MARA<\/a>&nbsp;&#8211; VIN\u00cdCIUS DE SOUSA POLARY<\/p>\n\n\n\n<p><a href=\"http:\/\/plone.ufpb.br\/cccb\/contents\/monografias\/taccs-2018-em-diante\/was11042024.pdf\">PREVAL\u00caNCIA DE ANOMALIAS CONG\u00caNITAS NO HOSPITAL UNIVERSIT\u00c1RIO LAURO WANDERLEY 2020-2021: confiabilidade do Sistema de Informa\u00e7\u00f5es Sobre Nascidos Vivos como fonte de dados<\/a>&nbsp;&#8211; WANDERLEY ARA\u00daJO SOARES<\/p>\n\n\n\n<p><a href=\"http:\/\/plone.ufpb.br\/cccb\/contents\/monografias\/taccs-2018-em-diante\/wbsa19072024.pdf\">ARACN\u00cdDEOS DE IMPORT\u00c2NCIA M\u00c9DICA E SUA ABORDAGEM NO ENSINO B\u00c1SICO: COLE\u00c7\u00c3O DE ARACN\u00cdDEOS E CASA DA CI\u00caNCIA DA UFPB COMO PROPOSTA DID\u00c1TICA PARA O ENSINO-APRENDIZAGEM<\/a>&nbsp;&#8211; WILLIAN BRITO SOARES DA ANUNCIA\u00c7\u00c3O<\/p>\n\n\n\n<p><a href=\"http:\/\/plone.ufpb.br\/cccb\/contents\/monografias\/taccs-2018-em-diante\/yss20012023.pdf\">&nbsp;SEQU\u00caNCIAS DID\u00c1TICAS INVESTIGATIVAS PARA O ESTUDO DE EVOLU\u00c7\u00c3O NO ENSINO M\u00c9DIO<\/a>&nbsp;&#8211;&nbsp;YASMIM DE SANTANA SANTOS<\/p>\n\n\n\n<p>TACCS dispon\u00edveis no reposit\u00f3rio da biblioteca da UFPB &#8211;&nbsp;<a href=\"https:\/\/repositorio.ufpb.br\/jspui\/handle\/123456789\/2349?offset=60\" target=\"_blank\" rel=\"noreferrer noopener\">link<\/a><\/p>\n","protected":false},"excerpt":{"rendered":"<p>PRODU\u00c7\u00c3O DE UM GUIA DID\u00c1TICO COMO CONTRIBUI\u00c7\u00c3O PARA MELHORIA DO ENSINO-APRENDIZADO DE BOT\u00c2NICA EM UMA [&hellip;]<\/p>\n","protected":false},"author":47,"featured_media":0,"parent":0,"menu_order":0,"comment_status":"closed","ping_status":"closed","template":"","meta":{"footnotes":""},"class_list":["post-29","page","type-page","status-publish","hentry"],"_links":{"self":[{"href":"https:\/\/www.ccen.ufpb.br\/cccb\/wp-json\/wp\/v2\/pages\/29","targetHints":{"allow":["GET"]}}],"collection":[{"href":"https:\/\/www.ccen.ufpb.br\/cccb\/wp-json\/wp\/v2\/pages"}],"about":[{"href":"https:\/\/www.ccen.ufpb.br\/cccb\/wp-json\/wp\/v2\/types\/page"}],"author":[{"embeddable":true,"href":"https:\/\/www.ccen.ufpb.br\/cccb\/wp-json\/wp\/v2\/users\/47"}],"replies":[{"embeddable":true,"href":"https:\/\/www.ccen.ufpb.br\/cccb\/wp-json\/wp\/v2\/comments?post=29"}],"version-history":[{"count":1,"href":"https:\/\/www.ccen.ufpb.br\/cccb\/wp-json\/wp\/v2\/pages\/29\/revisions"}],"predecessor-version":[{"id":30,"href":"https:\/\/www.ccen.ufpb.br\/cccb\/wp-json\/wp\/v2\/pages\/29\/revisions\/30"}],"wp:attachment":[{"href":"https:\/\/www.ccen.ufpb.br\/cccb\/wp-json\/wp\/v2\/media?parent=29"}],"curies":[{"name":"wp","href":"https:\/\/api.w.org\/{rel}","templated":true}]}}