{"id":19,"date":"2026-04-17T14:59:19","date_gmt":"2026-04-17T17:59:19","guid":{"rendered":"https:\/\/www.ccen.ufpb.br\/cccb\/?page_id=19"},"modified":"2026-04-17T14:59:19","modified_gmt":"2026-04-17T17:59:19","slug":"dirigentes-ufpb","status":"publish","type":"page","link":"https:\/\/www.ccen.ufpb.br\/cccb\/dirigentes-ufpb\/","title":{"rendered":"Dirigentes UFPB"},"content":{"rendered":"\n<p><a href=\"http:\/\/lattes.cnpq.br\/2984516359414797\" target=\"_blank\" rel=\"noreferrer noopener\">TEREZINHA DOMICIANO DANTAS MARTINS<\/a>&nbsp; &nbsp; &nbsp; &nbsp; &nbsp; &nbsp; &nbsp; &nbsp; &nbsp; &nbsp; &nbsp; &nbsp; &nbsp; &nbsp; &nbsp; &nbsp; &nbsp; &nbsp; &nbsp; &nbsp;<br><strong>REITORA<\/strong><\/p>\n\n\n\n<p><a href=\"http:\/\/lattes.cnpq.br\/2661332997135397\" target=\"_blank\" rel=\"noreferrer noopener\">M\u00d4NICA N\u00d3BREGA&nbsp;<\/a>&nbsp;&nbsp; &nbsp; &nbsp; &nbsp; &nbsp; &nbsp; &nbsp; &nbsp; &nbsp; &nbsp; &nbsp; &nbsp; &nbsp; &nbsp; &nbsp; &nbsp; &nbsp; &nbsp; &nbsp; &nbsp; &nbsp; &nbsp; &nbsp;<br><strong>VICE-REITORA<\/strong><\/p>\n\n\n\n<p><a href=\"http:\/\/lattes.cnpq.br\/5849388832330110\" target=\"_blank\" rel=\"noreferrer noopener\">MARIA JOS\u00c9 DE FIGUEIREDO<\/a><br><strong>CHEFE DE GABINETE<\/strong><\/p>\n\n\n\n<p><a href=\"http:\/\/lattes.cnpq.br\/7453824676291251\" target=\"_blank\" rel=\"noreferrer noopener\">MARCELO SITCOVSKY SANTOS PEREIRA<\/a><\/p>\n\n\n\n<p><strong>COORD. DA SECRETARIA&nbsp;DOS \u00d3RG\u00c3OS DELIBERATIVOS DA ADMINISTRA\u00c7\u00c3O SUPERIOR<\/strong><\/p>\n\n\n\n<p><a href=\"http:\/\/lattes.cnpq.br\/2793662990277991\" target=\"_blank\" rel=\"noreferrer noopener\"><strong><\/strong>FABIANA DE C\u00c1SSIA RAMOS DE MEDEIROS FERNANDES ALVES DE ANDRADE<\/a><\/p>\n\n\n\n<p><strong>SECRETARIA GERAL DAS ASSESSORIAS&nbsp;&#8211; GABINETE<\/strong><\/p>\n\n\n\n<p class=\" \"><a href=\"http:\/\/lattes.cnpq.br\/0442686312707756\" target=\"_blank\" rel=\"noreferrer noopener\">MARCEL VIEIRA BARRETO SILVA<br><\/a><strong>ASSESSOR DE COMUNICA\u00c7\u00c3O &#8211; ASCOM<\/strong><\/p>\n\n\n\n<p class=\" \"><a href=\"http:\/\/lattes.cnpq.br\/1372989549983849\" target=\"_blank\" rel=\"noreferrer noopener\">ROBERTO GERMANO COSTA<br><\/a><strong>ASSESSOR ESPECIAL DA REITORIA<\/strong><\/p>\n\n\n\n<p class=\" \"><a href=\"http:\/\/lattes.cnpq.br\/5266867099516480\" target=\"_blank\" rel=\"noreferrer noopener\">ZAQUEU ERNESTO DA SILVA<br><\/a><strong>ASSESSOR ESPECIAL DA REITORIA<\/strong><\/p>\n\n\n\n<p class=\" \">MARIA JOSILEIDE MENDES DE MORAIS<br><strong>ASSESSORA DO GABINETE<\/strong><\/p>\n\n\n\n<p><strong><\/strong>VALMIR LIMEIRA DE SOUZA<br><strong>ADMINISTRADOR PREDIAL<\/strong><\/p>\n\n\n\n<p><a href=\"http:\/\/buscatextual.cnpq.br\/buscatextual\/visualizacv.do\" target=\"_blank\" rel=\"noreferrer noopener\">HERMANN HRDLICKA<\/a><\/p>\n\n\n\n<p><strong>OUVIDOR-GERAL&nbsp;<\/strong><\/p>\n\n\n\n<p><a href=\"http:\/\/lattes.cnpq.br\/6552922977650654\" target=\"_blank\" rel=\"noreferrer noopener\">FL\u00c1VIO PEREIRA GOMES<\/a><\/p>\n\n\n\n<p><strong>PROCURADOR-CHEFE<\/strong><\/p>\n\n\n\n<h3 class=\"wp-block-heading\"><strong><em>&nbsp;ACESSE CONTATOS DA REITORIA&nbsp;<\/em><\/strong><strong><em><a href=\"https:\/\/www.ufpb.br\/ufpb\/menu\/institucional\/reitoria\" target=\"_blank\" rel=\"noreferrer noopener\">NESTE LINK&nbsp;<\/a><\/em><\/strong><\/h3>\n\n\n\n<p><strong>PRA &#8211; PR\u00d3-REITORIA DE ADMINISTRA\u00c7\u00c3O<\/strong><\/p>\n\n\n\n<p><a href=\"http:\/\/lattes.cnpq.br\/6074726949245179\" target=\"_blank\" rel=\"noreferrer noopener\">GEORGE RODRIGO BELTR\u00c3O DA CRUZ<\/a><br><strong>PR\u00d3-REITOR<\/strong><\/p>\n\n\n\n<p><a href=\"http:\/\/lattes.cnpq.br\/8538217715918054\" target=\"_blank\" rel=\"noreferrer noopener\">GUSTAVO RODRIGUES DA ROCHA<\/a><strong><br>COORDENA\u00c7\u00c3O DE ADMINISTRA\u00c7\u00c3O E PATRIM\u00d4NIO<\/strong><\/p>\n\n\n\n<p><a href=\"http:\/\/%20http\/\/lattes.cnpq.br\/8208317036058261\" target=\"_blank\" rel=\"noreferrer noopener\">HALLILSON COSMO DE MELO<\/a><br><strong>COORDENA\u00c7\u00c3O DE COMPRAS<\/strong><\/p>\n\n\n\n<p>RUBENS ALBERTO FALC\u00c3O FERREIRA<br><strong>COORDENA\u00c7\u00c3O DE CONTABILIDADE E FINAN\u00c7AS<\/strong><\/p>\n\n\n\n<p><strong>PRAPE &#8211; PR\u00d3-REITORIA DE ASSIST\u00caNCIA E PROMO\u00c7\u00c3O AO ESTUDANTE<\/strong><\/p>\n\n\n\n<p><a href=\"https:\/\/www.ufpb.br\/lattes.cnpq.br\/6098883325823564\" target=\"_blank\" rel=\"noreferrer noopener\">GEORGIA DANTAS MACEDO<\/a><br><strong>PR\u00d3-REITORA<\/strong><\/p>\n\n\n\n<p><a href=\"http:\/\/lattes.cnpq.br\/1591639664676555\" target=\"_blank\" rel=\"noreferrer noopener\">NO\u00c1DIA PRISCILA ARA\u00daJO RODRIGUES<\/a><\/p>\n\n\n\n<p><strong>SUPERINTEND\u00caNCIA DOS&nbsp;RESTAURANTES UNIVERSIT\u00c1RIOS<\/strong><\/p>\n\n\n\n<p><strong>PROGEP &#8211; PR\u00d3-REITORIA DE GEST\u00c3O DE PESSOAS<\/strong><\/p>\n\n\n\n<p><a href=\"http:\/\/lattes.cnpq.br\/1449222117595510\" target=\"_blank\" rel=\"noreferrer noopener\">MIRELLA ROCHA RIBEIRO PINTO<\/a><br><strong>PR\u00d3-REITORA<\/strong><\/p>\n\n\n\n<p><a href=\"http:\/\/lattes.cnpq.br\/9751478463232922\" target=\"_blank\" rel=\"noreferrer noopener\">TATIANA AGUIAR PORF\u00cdRIO DE LIMA<\/a><br><strong>COORDENA\u00c7\u00c3O DE PROCESSOS DE GEST\u00c3O DE PESSOAS<\/strong><\/p>\n\n\n\n<p><a href=\"http:\/\/lattes.cnpq.br\/7082665539538351\" target=\"_blank\" rel=\"noreferrer noopener\">CLARISSA LIMA DE S\u00c1<\/a><\/p>\n\n\n\n<p><strong>COORDENA\u00c7\u00c3O DE DESENVOLVIMENTO DE PESSOAS<\/strong><\/p>\n\n\n\n<p><a href=\"http:\/\/lattes.cnpq.br\/7527479787053584\" target=\"_blank\" rel=\"noreferrer noopener\">LOURIVAL GOMES DA SILVA J\u00daNIOR<\/a><\/p>\n\n\n\n<p><a href=\"http:\/\/buscatextual.cnpq.br\/buscatextual\/visualizacv.do?id=K4679006Z1\" target=\"_blank\" rel=\"noreferrer noopener\"><\/a><strong>COORDENA\u00c7\u00c3O DE QUALIDADE DE VIDA, SA\u00daDE E SEGURAN\u00c7A NO TRABALHO<\/strong><\/p>\n\n\n\n<p><strong>PROPLAN &#8211; PR\u00d3-REITORIA DE PLANEJAMENTO<\/strong><\/p>\n\n\n\n<p><a href=\"http:\/\/lattes.cnpq.br\/3405428972303042\" target=\"_blank\" rel=\"noreferrer noopener\">ANIELSON BARBOSA DA SILVA<\/a><\/p>\n\n\n\n<p><strong>PR\u00d3-REITOR<\/strong><\/p>\n\n\n\n<p><a href=\"http:\/\/buscatextual.cnpq.br\/buscatextual\/visualizacv.do?id=K4716484Y5\" target=\"_blank\" rel=\"noreferrer noopener\">RENATA PAES DE BARROS C\u00c2MARA<\/a><br><strong>COORDENA\u00c7\u00c3O DE PLANEJAMENTO<\/strong><\/p>\n\n\n\n<p><a href=\"http:\/\/buscatextual.cnpq.br\/buscatextual\/visualizacv.do?id=K2583279P6\" target=\"_blank\" rel=\"noreferrer noopener\">FERNANDO ANTONIO BEZERRA DA COSTA<\/a><\/p>\n\n\n\n<p><strong>COORDENA\u00c7\u00c3O DE OR\u00c7AMENTO<\/strong><\/p>\n\n\n\n<p><a href=\"http:\/\/buscatextual.cnpq.br\/buscatextual\/visualizacv.do?id=K8106631T4&amp;tokenCaptchar=03AGdBq27fWP_guIT7ua8eiO99Fe6ulJduK91M7sF4QjlML6YsV6qZM8MZxbUty1Ax56cg08sPg4pq_1mahemgiTKoLc_gltFv57YXyuWCtKAFqUYKhMhHp_CHhWg21aLclqhXC3qfjOEtot2YkzpDvOvJtureREsdJfolisjGhpPeiF5ELbQ6_xBHfJFMIqap9Vek0UXAf0Zwhde2NKG0Bg_blc3YfuACNA81IrLZdJrANRClywbUCwZ3jKDoZNalwmMkGMDn7N6yqLSDOm1FaGOm4iTYomfeCg5cOTywxyA9JK7e1C9jtyjR34afA8i9Q4BLE1thmOrXv4kC8FqAi5euuu_D3Yeth52fw2WWz5MaXlmWcGxCWM32xEfZ8kbed_XCwtHg4oziydNsTJyWTB4dEl6MfvQKXVQwxSvpL-fZJdsBf2DXjJY1n5ks4rEREw113cotP1Y77Rnh-EKWX0wP6dAWauXR2w\" target=\"_blank\" rel=\"noreferrer noopener\">ARTHUR BARBOSA ARRUDA<\/a><\/p>\n\n\n\n<p><strong>COORDENA\u00c7\u00c3O DE CONV\u00caNIO<\/strong><\/p>\n\n\n\n<p><a href=\"http:\/\/lattes.cnpq.br\/8915074296658510\" target=\"_blank\" rel=\"noreferrer noopener\">AL\u00c9SSIO TONY CAVALCANTI DE ALMEIDA<\/a><\/p>\n\n\n\n<p><strong>COORDENA\u00c7\u00c3O DE INFORMA\u00c7\u00c3O<\/strong><\/p>\n\n\n\n<p><strong>PRG &#8211; PR\u00d3-REITORIA DE GRADUA\u00c7\u00c3O<\/strong><\/p>\n\n\n\n<p class=\" \"><a href=\"http:\/\/lattes.cnpq.br\/6240637144545401\" target=\"_blank\" rel=\"noreferrer noopener\">ANA CLAUDIA DA SILVA RODRIGUES<\/a><br><strong>PR\u00d3-REITORA<\/strong><\/p>\n\n\n\n<p><a href=\"http:\/\/lattes.cnpq.br\/7940523057526487\" target=\"_blank\" rel=\"noreferrer noopener\">UYGUACIARA VELOSO CASTELO BRANCO&nbsp;&nbsp;<\/a><\/p>\n\n\n\n<p><strong>COORDENA\u00c7\u00c3O ACAD\u00caMICA<\/strong><\/p>\n\n\n\n<p><a href=\"http:\/\/lattes.cnpq.br\/7605235994017354\" target=\"_blank\" rel=\"noreferrer noopener\">SABRINA GRISI PINHO DE ALENCAR<\/a><br><strong>COORDENA\u00c7\u00c3O GERAL DE EST\u00c1GIO<\/strong><\/p>\n\n\n\n<p><a href=\"http:\/\/lattes.cnpq.br\/6693686167483212\" target=\"_blank\" rel=\"noreferrer noopener\">HIDELBRANDO JOSE FARKAT DIOGENES<\/a><br><strong>COORDENA\u00c7\u00c3O DE REGULA\u00c7\u00c3O E AVALIA\u00c7\u00c3O<\/strong><\/p>\n\n\n\n<p><a href=\"http:\/\/lattes.cnpq.br\/7720030995982568\" target=\"_blank\" rel=\"noreferrer noopener\">SAIMONTON TINOCO DA SILVA<\/a><br><strong>COORDENA\u00c7\u00c3O DE PROGRAMAS E PROJETOS ACAD\u00caMICOS<\/strong><\/p>\n\n\n\n<p><a href=\"http:\/\/lattes.cnpq.br\/1070339122367156\" target=\"_blank\" rel=\"noreferrer noopener\">SILVANIA LUCIA DE ARAUJO SILVA<\/a><\/p>\n\n\n\n<p><strong>COORDENA\u00c7\u00c3O DE CURR\u00cdCULOS ACAD\u00caMICOS<\/strong><\/p>\n\n\n\n<p><strong>PRPG &#8211; PR\u00d3-REITORIA DE P\u00d3S-GRADUAC\u00c3O<\/strong><\/p>\n\n\n\n<p><a href=\"http:\/\/lattes.cnpq.br\/9103355732367822\" target=\"_blank\" rel=\"noreferrer noopener\">EVANDRO LEITE DE SOUZA<\/a><\/p>\n\n\n\n<p><strong>PR\u00d3-REITOR<\/strong><\/p>\n\n\n\n<p><a href=\"http:\/\/lattes.cnpq.br\/6009412640611523\" target=\"_blank\" rel=\"noreferrer noopener\">JOSEAN FECHINE TAVARES<\/a><\/p>\n\n\n\n<p><strong>COORDENA\u00c7\u00c3O GERAL DE ACOMPANHAMENTO E AVALIA\u00c7\u00c3O<\/strong><\/p>\n\n\n\n<p><a href=\"http:\/\/buscatextual.cnpq.br\/buscatextual\/visualizacv.do?id=K4757200U5&amp;tokenCaptchar=03AGdBq25Tx4u6kTscFn5x0gO04RzNs5SM0VCzZ8tUAp8QOR-joSPOt5heq2Fk0P9RiDsLN82lpi_c1bjmJe05FKveuqJGSTA7gvZ2ZdyCkhhlO_Asd6Lh4wABqyH19uY0_rR334HJcvUtEvBYay3UyUjYlsEk2lu823eFp_OFYyVmiOxQbzw7u7ZYuyPU83zDTy-I3ReRq-lPE7MIW8Xcd_YxBegosZHMb06XV339ZxDp70-svcxi8ExMHiPTaurWCtj_yFVf4tMDH6Qg7PQuxlYG93RE91ihjXm71hIkxD-4wEQmXzN7U7hxyTX_Vn54YoYrLLj7q3z4h2CLb-x5K3pYr-6T6lBFw9rEww8HMIE6ggb1qy9nPgpoTfsndJvr3cYgi9b8QjKXzu-Y0m3GUmONxS-TgjfZAgQdlRXjzekreIIpEvRXxav5QufFvHnI8lNY4-x3E9zt6D7hhszLFEpMFGmi-yMKkw\" target=\"_blank\" rel=\"noreferrer noopener\">ELIANA SOUZA BEZERRA<\/a><\/p>\n\n\n\n<p><strong>COORDENA\u00c7\u00c3O GERAL DE OPERACIONALIZA\u00c7\u00c3O DAS ATIVIDADES DA P\u00d3S-GRADUA\u00c7\u00c3O<\/strong><\/p>\n\n\n\n<p><a href=\"http:\/\/lattes.cnpq.br\/2340247094517109\" target=\"_blank\" rel=\"noreferrer noopener\">THALES FERREIRA DIONISIO DA SILVA<\/a><\/p>\n\n\n\n<p><strong>DIVIS\u00c3O DE ATIVIDADES FINANCEIRAS<\/strong><\/p>\n\n\n\n<p><strong>PROPESQ &#8211; PR\u00d3-REITORIA DE PESQUISA<\/strong><\/p>\n\n\n\n<p><a href=\"http:\/\/lattes.cnpq.br\/6671362440919293\" target=\"_blank\" rel=\"noreferrer noopener\">JOS\u00c9 ROBERTO SOARES DO NASCIMENTO<\/a><\/p>\n\n\n\n<p><strong>PR\u00d3-REITOR<\/strong><\/p>\n\n\n\n<p><a href=\"http:\/\/lattes.cnpq.br\/3412816427200150\" target=\"_blank\" rel=\"noreferrer noopener\">ISAC ALMEIDA DE MEDEIROS<\/a><\/p>\n\n\n\n<p><strong>COORDENA\u00c7\u00c3O DE PROGRAMAS ACAD\u00caMICOS E DE INICIA\u00c7\u00c3O CIENT\u00cdFICA<\/strong><\/p>\n\n\n\n<p><a href=\"http:\/\/lattes.cnpq.br\/5292006097455086\" target=\"_blank\" rel=\"noreferrer noopener\">RICARDO ROM\u00c3O GUERRA<\/a><\/p>\n\n\n\n<p><strong>COORD. GERAL DE PESQUISA<\/strong><\/p>\n\n\n\n<p><strong>PROEX &#8211; PR\u00d3-REITORIA DE EXTENS\u00c3O<\/strong><\/p>\n\n\n\n<p><a href=\"http:\/\/lattes.cnpq.br\/0252677389291551\" target=\"_blank\" rel=\"noreferrer noopener\">BERNARDINA MARIA JUVENAL FREIRE DE OLIVEIRA<\/a><br><strong>PR\u00d3-REITORA<\/strong><\/p>\n\n\n\n<p><a href=\"http:\/\/buscatextual.cnpq.br\/buscatextual\/visualizacv.do?id=K4495462D6&amp;tokenCaptchar=03AGdBq24IbQxsGNLszmHVcx5_hsSaL-FMBDMvQS3WkvGvaU8KHLVDseaE4931tJxYnW30XL2itJpJCwzUWtB8Q1TIuSPODjsfVGidNc23fjzbjbMjkHsdzBTrF9JEaAQfjkRH6BHyFKAW1QosEp1xQiJQQyeoVRxtxo60wx7kIGWSZHBYmyhAYRBuc-DcFwwus2WA9a8MaImZjEMfNFnC9oSQZPzL7IgQTxfU2plFRUotKNhlM-sQxNL9HmxltQ89FgpQPKw7_o54_Yamqll6Z7DFSgrFlW0xsObhJEug6HpUdAYdvCB1sns3jbeyUv6q3btJQVWpfblx-J1lP8FRWUj7lLf1a2ms0AHskQIyGEwp2CVcpGUWvZW8pkcPd75-Ku9nJxwIQamvIpAd9rNF9kyqYP2iH7eLXx0EXBAS0M_2aTIRtRh2wnGPidlUtpwMvwVu318kW_3x\" target=\"_blank\" rel=\"noreferrer noopener\">T<\/a>H<a href=\"http:\/\/buscatextual.cnpq.br\/buscatextual\/visualizacv.do?id=K4495462D6&amp;tokenCaptchar=03AGdBq24IbQxsGNLszmHVcx5_hsSaL-FMBDMvQS3WkvGvaU8KHLVDseaE4931tJxYnW30XL2itJpJCwzUWtB8Q1TIuSPODjsfVGidNc23fjzbjbMjkHsdzBTrF9JEaAQfjkRH6BHyFKAW1QosEp1xQiJQQyeoVRxtxo60wx7kIGWSZHBYmyhAYRBuc-DcFwwus2WA9a8MaImZjEMfNFnC9oSQZPzL7IgQTxfU2plFRUotKNhlM-sQxNL9HmxltQ89FgpQPKw7_o54_Yamqll6Z7DFSgrFlW0xsObhJEug6HpUdAYdvCB1sns3jbeyUv6q3btJQVWpfblx-J1lP8FRWUj7lLf1a2ms0AHskQIyGEwp2CVcpGUWvZW8pkcPd75-Ku9nJxwIQamvIpAd9rNF9kyqYP2iH7eLXx0EXBAS0M_2aTIRtRh2wnGPidlUtpwMvwVu318kW_3x\" target=\"_blank\" rel=\"noreferrer noopener\">IAGO ANTONIO CAVALCANTE SILVA<\/a><br><strong>COORDENADOR DE PROGRAMAS DE A\u00c7\u00c3O COMUNIT\u00c1RIA (COPAC)<\/strong><\/p>\n\n\n\n<p><a href=\"http:\/\/buscatextual.cnpq.br\/buscatextual\/visualizacv.do?id=K9265810J7\" target=\"_blank\" rel=\"noreferrer noopener\">JOS\u00c9 VALDIR DOS SANTOS<\/a><br><strong>COORDENADOR DE EXTENS\u00c3O CULTURAL<\/strong><\/p>\n\n\n\n<p><a href=\"http:\/\/buscatextual.cnpq.br\/buscatextual\/visualizacv.do?id=K4194459J2&amp;tokenCaptchar=03AGdBq24N5xrdL4OjU6GuxHXgZ6y0mDJruiFb-AIHKlt2tDXTj89myqXtaXesIALx6dwVteu6VsfG1FXSgn4s1zY4w_v2cQ4S1qnxpEKxpfZNN-TMT8Htned-Mz2wHcMxTzjhxPJQ916SwcdTF-tkJTZ_BjmJxNwUYJPexVjeJCxECaZI1NOTuqSeF7OgZJFgPkzxZqRat9EPNLsYImkWGEta16ccpFHKs3IsWZ6imLB9fyb9REeyW1W4ZUjUuhuCAr81Ld7pruKcR-A2YmRKsNSK4u7swOa3yCUSyxU8mu6ZLhf74IHqUGxs01WQcTEAHQpXvlNChsCAF-cXjjr2bde8_PLfJoKrFfPtmrLOM-4SITQd_g3h5Qf467SEdDnQ_hcgsMv09M99bhTEOLprKus_lgQo89KNfDxcUusKIQnLQeAKsu-Ci3xPCWhSpRbKWzfFwGSUR8DGLMHLtG462NEmH-bgVaz44Q\" target=\"_blank\" rel=\"noreferrer noopener\">EMMANUEL FERNANDES FALC\u00c3O<\/a><\/p>\n\n\n\n<p><strong>COORDENADOR DE EDUCA\u00c7\u00c3O POPULAR<\/strong><\/p>\n\n\n\n<p><strong>\u00d3RG\u00c3OS SUPLEMENTARES DA REITORIA<\/strong><\/p>\n\n\n\n<p>GEORGE ALEXSANDRO DINIZ DE DANTAS MOURA<\/p>\n\n\n\n<p><a href=\"http:\/\/buscatextual.cnpq.br\/buscatextual\/visualizacv.do?id=K4266396H7\" target=\"_blank\" rel=\"noreferrer noopener\"><\/a><strong>SUPERINTEND\u00caNCIA DE&nbsp;COMUNICA\u00c7\u00c3O SOCIAL\/TV UFPB<\/strong><\/p>\n\n\n\n<p>QUEZIA ALVES DE SOUZA<\/p>\n\n\n\n<p><strong>SUPERINTEND\u00caNCIA DE OR\u00c7AMENTO E FINAN\u00c7AS<\/strong><\/p>\n\n\n\n<p><a href=\"http:\/\/buscatextual.cnpq.br\/buscatextual\/visualizacv.do?id=K9265147T4&amp;tokenCaptchar=03AGdBq24D1FKlaYYell-PbtRDBHTW8Z3v-YqfyEswgclTDViglcPQxH5SGqiWqEVWctXwzB114agETL8kRUpEmY-6ZOQ5VxJNuY981IcAlbhhNbXYgOM-fnOUKFfzWlLeiFZMpLf0Kaq8lzfTemRA3OFG7swoZKsu-drV8BRnzr5znWa8HjQHiC9a4b78QL4SwnYPOQP4G0gIWwqChaQmhwjXTFS07WLAom_p2yaxsm_naz11yJvp6kmQiKyTUY9UrtpGY2fnKXoiC8tSHqzhVskqji_NJT7HdLdels2VFNlooxTx6mwrDw41Wi7ao5B8t8kVXZfcLGShZaWvQF3A-Pg4V-WHbVkdhX6MVlTfXGre7W4htiLKM11o3eqD5J2QVdgs6T5Eub9EgI3KXW0zdvanKyQXWSHmo7hWJQ-V81r4RqgUe_ZbbP7QPW95wZhIIMV-4tB3C2KsD28JS4CnkMPK11OW71JiBG6gCWhne6eRw2rebUNLWMEZHKjtuv9aowtHmU4TvPuPooz52fyspPnjjDwJTBb_wg\" target=\"_blank\" rel=\"noreferrer noopener\">JOESEL GOMES DA SILVA<\/a><\/p>\n\n\n\n<p><strong>SUPERINTEND\u00caNCIA DE SEGURAN\u00c7A INSTITUCIONAL<\/strong><\/p>\n\n\n\n<p><a href=\"http:\/\/lattes.cnpq.br\/2477281949061266\" target=\"_blank\" rel=\"noreferrer noopener\">ANTONIO DA SILVA SOBRINHO JUNIOR<\/a><\/p>\n\n\n\n<p><strong>SUPERINTEND\u00caNCIA DE INFRAESTRUTURA<\/strong><\/p>\n\n\n\n<p><a href=\"http:\/\/lattes.cnpq.br\/0517201751466939\" target=\"_blank\" rel=\"noreferrer noopener\">EVANDRO SOARES COSTA FILHO<\/a><\/p>\n\n\n\n<p><strong>SUPERINTEND\u00caNCIA DE SERVI\u00c7OS GERAIS<\/strong><\/p>\n\n\n\n<p><a href=\"http:\/\/lattes.cnpq.br\/6042148131903321\" target=\"_blank\" rel=\"noreferrer noopener\">LUIZ EDUARDO CORDEIRO DE OLIVEIRA<\/a><\/p>\n\n\n\n<p><strong>SUPERINTEND\u00caNCIA DE LOG\u00cdSTICA E TRANSPORTES<\/strong><\/p>\n\n\n\n<p><a href=\"http:\/\/lattes.cnpq.br\/2170883710338227\" target=\"_blank\" rel=\"noreferrer noopener\">ALEXANDRE SCAICO<\/a><\/p>\n\n\n\n<p><strong>SUPERINTEND\u00caNCIA DE EDUCA\u00c7\u00c3O A DIST\u00c2NCIA<\/strong><\/p>\n\n\n\n<p><a href=\"http:\/\/lattes.cnpq.br\/1740742602293258\" target=\"_blank\" rel=\"noreferrer noopener\">\u00cdRIS BRAZ DA SILVA ARA\u00daJO<\/a><\/p>\n\n\n\n<p class=\" \"><strong>SUPERINTENDENTE DE ENSINO B\u00c1SICO, T\u00c9CNICO E TECNOL\u00d3GICO<\/strong><strong><\/strong><\/p>\n\n\n\n<p>HERMES PESSOA FILHO<\/p>\n\n\n\n<p class=\" \"><strong>SUPERINTEND\u00caNCIA DE TECNOLOGIA DA INFORMA\u00c7\u00c3O &#8211; STI<\/strong><\/p>\n\n\n\n<p><a href=\"http:\/\/lattes.cnpq.br\/2455588496960591\" target=\"_blank\" rel=\"noreferrer noopener\">FERNANDO AUGUSTO ALVES VIEIRA<\/a><br><strong>DIRETOR DA BIBLIOTECA CENTRAL<\/strong><\/p>\n\n\n\n<p><a href=\"http:\/\/lattes.cnpq.br\/2623323612918327\" target=\"_blank\" rel=\"noreferrer noopener\">GEYSA FL\u00c1VIA C\u00c2MARA DE LIMA NASCIMENTO<\/a><\/p>\n\n\n\n<p class=\" \"><strong>DIRETORA DA EDITORA UNIVERSIT\u00c1RIA<\/strong><\/p>\n\n\n\n<p><a href=\"http:\/\/lattes.cnpq.br\/7524673192165525\" target=\"_blank\" rel=\"noreferrer noopener\">ALEXANDRE MEDEIROS DE FIGUEIREDO<\/a><br><strong>SUPERINTENDENTE DO&nbsp;HOSPITAL UNIVERSIT\u00c1RIO LAURO WANDERLEY- HULW<\/strong><\/p>\n\n\n\n<p><a href=\"http:\/\/lattes.cnpq.br\/9651013453946543\" target=\"_blank\" rel=\"noreferrer noopener\">WALMIR RUFINO DA SILVA<\/a><\/p>\n\n\n\n<p><strong>DIRETOR PRESIDENTE DO&nbsp;INSTITUTO UFPB DE DESENVOLVIMENTO DA PARA\u00cdBA -IDEP<\/strong><\/p>\n\n\n\n<p><a href=\"http:\/\/buscatextual.cnpq.br\/buscatextual\/visualizacv.do?id=K4771030U6&amp;tokenCaptchar=03AGdBq26cjwrDdK4hovOHg9oor4ezajf-EzdsgdCClBhppA7wdoaBhznYw63vJaogjy4B6Fb2nxjUA2KbilAxUOW0Ay40cmO4havcyxGKQCy8ncxsz0iEKZ1cXcuZLVB1u0s1LOmGhwZOiWNEfwFORuJYGv6THbGnF_TV3XurBYtaqcwBdR5mE2CwKt6fhTmdUrURWozbbsI77ZL-kHHhKGFdRfTgBBFhcvwztc9W0GcCGouXtH51QoY5iv5dBU2xu_jcypOuG_lSfINFyPQEd-uJtzYm9U5yjG1E6ccKLUCD83jlRTNmPF-9MhaZDx5Q9CX9bB_18GWc9nXvJKzhjzJw7F5jaNkeNxsf-U3MNYfYwUAuZPr_OC6ZR_Dcl0pe5vt3ekeXUXEYeg0FHAcuPugk86gRwZSlwh9EtCwig-5wGSylsESNBjdbsfr8ZfgbGU4NZeznJGdr1hcy_9WkNC8g0hYDIpVtVQ\" target=\"_blank\" rel=\"noreferrer noopener\">FABIOLA DA CRUZ NUNES<\/a><\/p>\n\n\n\n<p><strong>DIRETORA ADMINISTRATIVA E FINANCEIRA &#8211; IDEP<\/strong><\/p>\n\n\n\n<p><a href=\"http:\/\/buscatextual.cnpq.br\/buscatextual\/visualizacv.do?id=K4751704U2&amp;tokenCaptchar=03AGdBq27VcEP3Xj_6fa8pCaUyG6bkjlO5tLD4nU_su9uEj67HNe9MTpZkaszzQ-e5S96kjwVv1oFdYJ8ReXP5kA6dq6BAsAnkEqoXVIzl-H4v9EIL8IL-YxIvz5TMR5agF7-9RpmoKYzi6IydpctH9JGqfI6QWQccQDD7taPBvQvE_YW9te0HuarksyKMKQmAbEQE0uiXc2QJnv3-Q1eW0LQ-PmC7BzfoGg4Wshml1pj_2aEh9g9demVoetpX0uiad_5lpL8oMqNwjTFKN7fy6O0ZhpAkbOje3Rkz2QrorQVZXwGuBQeTGG9691v7iD26rsK4Tm_huENFr9IQgGICZBCV8GQkoZqRKbrw3Zo0v8OdW025aamWOAy4O_oANO-pSJU-VbL7t19s8MEZu0uoLp0d2Y-rnAf0DYO9KuDOTZV_5z2YjrYlD_nF3skwFBAQtd25KqIaiHyaZ7-wTpYlplruYafIdnwCDg\" target=\"_blank\" rel=\"noreferrer noopener\">MARCUS TULLIUS SCOTTI<\/a><\/p>\n\n\n\n<p><a href=\"http:\/\/buscatextual.cnpq.br\/buscatextual\/visualizacv.do?id=K4751704U2&amp;tokenCaptchar=03AGdBq27VcEP3Xj_6fa8pCaUyG6bkjlO5tLD4nU_su9uEj67HNe9MTpZkaszzQ-e5S96kjwVv1oFdYJ8ReXP5kA6dq6BAsAnkEqoXVIzl-H4v9EIL8IL-YxIvz5TMR5agF7-9RpmoKYzi6IydpctH9JGqfI6QWQccQDD7taPBvQvE_YW9te0HuarksyKMKQmAbEQE0uiXc2QJnv3-Q1eW0LQ-PmC7BzfoGg4Wshml1pj_2aEh9g9demVoetpX0uiad_5lpL8oMqNwjTFKN7fy6O0ZhpAkbOje3Rkz2QrorQVZXwGuBQeTGG9691v7iD26rsK4Tm_huENFr9IQgGICZBCV8GQkoZqRKbrw3Zo0v8OdW025aamWOAy4O_oANO-pSJU-VbL7t19s8MEZu0uoLp0d2Y-rnAf0DYO9KuDOTZV_5z2YjrYlD_nF3skwFBAQtd25KqIaiHyaZ7-wTpYlplruYafIdnwCDg\" target=\"_blank\" rel=\"noreferrer noopener\"><\/a><strong>DIRETOR CIENT\u00cdFICO-TECNOL\u00d3GICO E DE INTEGRA\u00c7\u00c3O COM A SOCIEDADE &#8211; IDEP<\/strong><\/p>\n\n\n\n<p><a href=\"http:\/\/lattes.cnpq.br\/2569484428391315\" target=\"_blank\" rel=\"noreferrer noopener\">BAGN\u00d3LIA ARA\u00daJO COSTA<\/a><\/p>\n\n\n\n<p><strong>DIRETORA PRESIDENTE DA AG\u00caNCIA UFPB DE INOVA\u00c7\u00c3O TECNOL\u00d3GICA &#8211; INOVA<\/strong><\/p>\n\n\n\n<p class=\" \"><a href=\"http:\/\/lattes.cnpq.br\/8442579610393881\" target=\"_blank\" rel=\"noreferrer noopener\">ANA BERENICE PERES MARTORELLI<\/a><strong><br>AG\u00caNCIA DE COOPERA\u00c7\u00c3O INTERNACIONAL<\/strong><\/p>\n\n\n\n<p><a href=\"http:\/\/lattes.cnpq.br\/9626518857618835\" target=\"_blank\" rel=\"noreferrer noopener\">\u00c2NGELO BRITO PEREIRA DE MELO<\/a><\/p>\n\n\n\n<p class=\" \"><strong>COORDENADOR DO CENTRO DE REFER\u00caNCIA EM ATEN\u00c7\u00c3O \u00c0 SA\u00daDE \u2013 CRAS<\/strong><\/p>\n\n\n\n<p><a href=\"http:\/\/lattes.cnpq.br\/2669989944106416\" target=\"_blank\" rel=\"noreferrer noopener\">MIRIAN GRACIELA DA SILVA STIEBBE SALVADORI<\/a><\/p>\n\n\n\n<p class=\" \"><strong>DIRETORA-PRESIDENTE DO INSTITUTO DE PESQUISA EM F\u00c1RMACOS E MEDICAMENTOS&nbsp;&#8211; IPEFARM<\/strong><\/p>\n\n\n\n<p><a href=\"http:\/\/lattes.cnpq.br\/7294092372273232\" target=\"_blank\" rel=\"noreferrer noopener\">DANIEL&nbsp;PERICLES SANTOS&nbsp;CANUTO<\/a><\/p>\n\n\n\n<p class=\" \"><strong>DIRETOR DO ARQUIVO CENTRAL<\/strong><\/p>\n\n\n\n<p><a href=\"http:\/\/lattes.cnpq.br\/5723687710647566\" target=\"_blank\" rel=\"noreferrer noopener\">ANA ANDR\u00c9A VIEIRA DE CASTRO<\/a><\/p>\n\n\n\n<p class=\" \"><strong>COORDENADORA DO N\u00daCLEO DE DOCUMENTA\u00c7\u00c3O E INFORMA\u00c7\u00c3O<\/strong><\/p>\n\n\n\n<p><a href=\"http:\/\/lattes.cnpq.br\/8408909217107103\" target=\"_blank\" rel=\"noreferrer noopener\">MARTINHO GUEDES DOS SANTOS NETO<\/a><\/p>\n\n\n\n<p class=\" \"><strong>VICE-COORDENADOR DO N\u00daCLEO DE DOCUMENTA\u00c7\u00c3O E INFORMA\u00c7\u00c3O<\/strong><\/p>\n\n\n\n<p><a href=\"http:\/\/lattes.cnpq.br\/9780210622154568\" target=\"_blank\" rel=\"noreferrer noopener\">ANDR\u00c9A SILVA PONTE<\/a><\/p>\n\n\n\n<p class=\" \"><strong>DIRETORA DO INSTITUTO DE ESTUDOS LINGU\u00cdSTICOS E CULTURAIS<\/strong><\/p>\n\n\n\n<p><a href=\"http:\/\/lattes.cnpq.br\/9044700809459074\" target=\"_blank\" rel=\"noreferrer noopener\">RUTH MARCELA BOWN CUELLO<\/a><\/p>\n\n\n\n<p class=\" \"><strong>VICE-DIRETORA DO INSTITUTO DE ESTUDOS LINGU\u00cdSTICOS E CULTURAIS<\/strong><\/p>\n\n\n\n<p><strong>CAMPUS I<\/strong><\/p>\n\n\n\n<p><strong>CBIOTEC &#8211; CENTRO DE BIOTECNOLOGIA<\/strong><\/p>\n\n\n\n<p><a href=\"http:\/\/buscatextual.cnpq.br\/buscatextual\/visualizacv.do?id=K4247365J2&amp;tokenCaptchar=03AGdBq26sXq6JlSqcg4-wGpZ2JqW0Ri4NMvD4GAa2sPAoyKP30giLgvRJAuNH4pYrLPXmyGW0z0fQ_zzDUZCFqmyT0K85qNfdGBew9j1t_yDtH1LZ1HWQ6wIuYR9nrTgVE19H9FWw-5nfKHszzs60FsjSDf0rCV2hjQIp2rYMcc0VGUVIJq2IJJObktR08yxXEDrvJ_ENY92sBSni3wI5H_qucBT9HLmX9WvY4e0AGjQeuwf9NPVR6wcMbviu6ECIoCbVHs2attYu6oyUtETJGF9bOurkOQOKQzxCR-XzMiqsJTeUL8N6QwLC1RqpzjgrFNkX8xm-d3x3Nt8EaSUYN3aZa-_ZbkekApy4n6Up8MNXG6HiPEu_4pet48TZQdXiLpWj15uTwF-Y9v9RRewnpMmRyc5J0m66BpBJT4G-flNZ0W7O4KWoDOjCyesad0bzFm62VZ3LVItjXAzNAwEwU7RVxGozb-Og6g\" target=\"_blank\" rel=\"noreferrer noopener\">JAILSON JOS\u00c9 GOMES DA ROCHA<\/a><\/p>\n\n\n\n<p><strong>DIRETOR<\/strong><\/p>\n\n\n\n<p><a href=\"http:\/\/buscatextual.cnpq.br\/buscatextual\/visualizacv.do?id=K4769759U3&amp;tokenCaptchar=03AGdBq26mLnIpIueklmJCuObo3U4XdVeRLZecKZYsDWihwBEsWI1mVWbfTc-2bXPqZ_LCB5lTGUIk3Ppgq9cC0oximFqNjn7Sh0IPTdMSqhaa3X3RPk_06bKZyja49i4JcuWAEjPoTzv034DYItUuhSTncGyF45dQNi1o0x_rRuAb2-SwL2BqlRsN_l2VnL0-RkmAz25T8G22KW7fNbQGPOAzTcjabQxI0p71IK5U0iXBuk97ioK9Kk3wzle2rOi73-QPb5VCICRPleeb5kGDFuaahn2T2xXZYH0duyg2FUbHyNcXSHq9xM7LuVW2_Z_hEuEX9-2W2N6VdfnIurYXIyvn9uc756yMQR2nRVLosybimAxtVMbxW8YyXSPXr-0tqJpXeIzq14Qm021XMC5waM8Hi3QLWywkdcIMyUBjyLwUeZZAb1YmWmXD_3m6zJrK7XBEXjtVrgxmxYspIoUTA21AI4wiRhiDEQ\" target=\"_blank\" rel=\"noreferrer noopener\">ULRICH VASCONCELOS DA ROCHA GOMES<\/a><\/p>\n\n\n\n<p><strong>VICE-DIRETOR<\/strong><\/p>\n\n\n\n<p><strong>CCSA &#8211; CENTRO DE CI\u00caNCIAS SOCIAIS APLICADAS<\/strong><\/p>\n\n\n\n<p><a href=\"http:\/\/buscatextual.cnpq.br\/buscatextual\/visualizacv.do?id=K4703464T8&amp;tokenCaptchar=03AGdBq277cKLPAD6cbMYi1-bkIJ7kIoz2oRO2X-arSDxQJXK8nDPz5ZhHRpHjzyr5XWLXiSbP3vvrMLes0octv13PpR2QcMwmaf5CxNEQ-khKzKtf3z8X9E6bj7455l7uxt52aRtdPf_fu78zii6vvhLiOTnjNc94IGy5tsgErY2dz8JR1BJzyFtbDLlGNRPTGGcI13K7L-ZgVtJseVfZ-4ILx7704p9y9iIAZ8FKikbmA_MTllT4i6JijS7ZfFvb9-GCxITcIMntcPQfb9MrnVX2vnCswlrZGOB_Gqx0g8nynL9rnk3U0_RlfuE5oUrBnv_F7zATW2OWvXinkdRD5Grq6fEBHxWOIQTYvgyPWVVGJC0sI-1JaWvoCl8MuFKtKKtkGxdMNubjUr5IHrQMU172opRb9SIlmmrOXbaflJ1m7YxhNQbE4KO8OtPIuOw-jCOzCBnn-Razj7L4xnlE_KHQI21Jfv6P1Q\" target=\"_blank\" rel=\"noreferrer noopener\">ALDO LEONARDO CUNHA CALLADO<\/a><\/p>\n\n\n\n<p><strong>DIRETOR<\/strong><\/p>\n\n\n\n<p><a href=\"http:\/\/buscatextual.cnpq.br\/buscatextual\/visualizacv.do?id=K4796633E6&amp;tokenCaptchar=03AGdBq27mXFHLnbe8nwswI1Wi5S2fMgh6njeX7ml9ThJSpvFBh_yRL5YkMtvoAE5-9uX3Ls5mVNAx2xujesw0T1kGTJlow13Z2CQ2d4JkbZl096OFp-WbVuGI_iiXbLtygM6pn3dvQXOUZ2FCNjUULX6ezGrfyR64dNe79RsQbylcvUApM7i9FAyTWuVFli8k8nWdbRXa6Fg5DAqU9B3SgfqiduSovZqgb0xdzhGHO74MR2I9zwecK-XgwIZ96fOuFnCU5LPBk9OnshvC10MoD8LOgv_Ia-ctllRqezeXGKWft0-R6iS61w3w2QBzsPJ-uRCablwp8FqlvqUlLa0qfiCT6zsk81S29w3qBW4zPXzonMyQEz6I_GI3WRhpo3muAl7dU5G8WOv1sHQKFfEvTsy-purTvGmwO41t_aziQMatLvzwYMNefy9gMGUPxHpUm_gPtrm7_VpeykEULemgbtKs27v3uguojQ\" target=\"_blank\" rel=\"noreferrer noopener\">MAGNO VAMBERTO BATISTA DA SILVA<\/a><\/p>\n\n\n\n<p><a href=\"http:\/\/buscatextual.cnpq.br\/buscatextual\/visualizacv.do?id=K4796633E6&amp;tokenCaptchar=03AGdBq27mXFHLnbe8nwswI1Wi5S2fMgh6njeX7ml9ThJSpvFBh_yRL5YkMtvoAE5-9uX3Ls5mVNAx2xujesw0T1kGTJlow13Z2CQ2d4JkbZl096OFp-WbVuGI_iiXbLtygM6pn3dvQXOUZ2FCNjUULX6ezGrfyR64dNe79RsQbylcvUApM7i9FAyTWuVFli8k8nWdbRXa6Fg5DAqU9B3SgfqiduSovZqgb0xdzhGHO74MR2I9zwecK-XgwIZ96fOuFnCU5LPBk9OnshvC10MoD8LOgv_Ia-ctllRqezeXGKWft0-R6iS61w3w2QBzsPJ-uRCablwp8FqlvqUlLa0qfiCT6zsk81S29w3qBW4zPXzonMyQEz6I_GI3WRhpo3muAl7dU5G8WOv1sHQKFfEvTsy-purTvGmwO41t_aziQMatLvzwYMNefy9gMGUPxHpUm_gPtrm7_VpeykEULemgbtKs27v3uguojQ\" target=\"_blank\" rel=\"noreferrer noopener\"><\/a><strong>VICE-DIRETOR<\/strong><\/p>\n\n\n\n<p><strong>CE &#8211; CENTRO DE EDUCA\u00c7\u00c3O<\/strong><\/p>\n\n\n\n<p><a href=\"http:\/\/buscatextual.cnpq.br\/buscatextual\/visualizacv.do?id=K4232663E2&amp;tokenCaptchar=03AGdBq27sGHbpG-QBpIa1p6_IdEKQBZw-byBZnum4bdF9IQ4T2sunnJ9owmMO4_-sN9m3ewArUaU_k96fLMGztv-DImeMAz_R9bqyTwlt7ybgXkccKKPs5M9WNnn2rhwENn8aTWkzJ5FiXNIsrt78qJ4hdnVPG89kLSAJC--Ud3jula7z0PS1L2f5ysMsVkvU7SdPpkKkzjHn2DMoaVLaP1GfN1UOMRdfsGGxMHxtr8GchMAmGnZO2LSezemdq8d0PDy_4uFmmT4GiiFslGv81Lm4FXVDDCxIPGUaIixhrM0Y4WfmMC14AgmYMNgFK9FeuXMgaoojZLL_lHVntCdp8wXgqTpCqiqEZDnY4fpDm3pbbMnhCqYRoXS-V-DMujsaOSh9UX9Si4utTujuNVPul_nK-hnIbltu1zY0KLuMtL_ax8ws_RSuMLBeoZUiXW-1O-RaLyvrLct-D4Z56Tpw9U_kT3db4UPwyQ\" target=\"_blank\" rel=\"noreferrer noopener\">ADRIANA VAL\u00c9RIA SANTOS&nbsp;<\/a><a href=\"http:\/\/buscatextual.cnpq.br\/buscatextual\/visualizacv.do?id=K4232663E2&amp;tokenCaptchar=03AGdBq27sGHbpG-QBpIa1p6_IdEKQBZw-byBZnum4bdF9IQ4T2sunnJ9owmMO4_-sN9m3ewArUaU_k96fLMGztv-DImeMAz_R9bqyTwlt7ybgXkccKKPs5M9WNnn2rhwENn8aTWkzJ5FiXNIsrt78qJ4hdnVPG89kLSAJC--Ud3jula7z0PS1L2f5ysMsVkvU7SdPpkKkzjHn2DMoaVLaP1GfN1UOMRdfsGGxMHxtr8GchMAmGnZO2LSezemdq8d0PDy_4uFmmT4GiiFslGv81Lm4FXVDDCxIPGUaIixhrM0Y4WfmMC14AgmYMNgFK9FeuXMgaoojZLL_lHVntCdp8wXgqTpCqiqEZDnY4fpDm3pbbMnhCqYRoXS-V-DMujsaOSh9UX9Si4utTujuNVPul_nK-hnIbltu1zY0KLuMtL_ax8ws_RSuMLBeoZUiXW-1O-RaLyvrLct-D4Z56Tpw9U_kT3db4UPwyQ\" target=\"_blank\" rel=\"noreferrer noopener\">DINIZ<\/a><a href=\"http:\/\/buscatextual.cnpq.br\/buscatextual\/visualizacv.do?id=K4232663E2&amp;tokenCaptchar=03AGdBq27sGHbpG-QBpIa1p6_IdEKQBZw-byBZnum4bdF9IQ4T2sunnJ9owmMO4_-sN9m3ewArUaU_k96fLMGztv-DImeMAz_R9bqyTwlt7ybgXkccKKPs5M9WNnn2rhwENn8aTWkzJ5FiXNIsrt78qJ4hdnVPG89kLSAJC--Ud3jula7z0PS1L2f5ysMsVkvU7SdPpkKkzjHn2DMoaVLaP1GfN1UOMRdfsGGxMHxtr8GchMAmGnZO2LSezemdq8d0PDy_4uFmmT4GiiFslGv81Lm4FXVDDCxIPGUaIixhrM0Y4WfmMC14AgmYMNgFK9FeuXMgaoojZLL_lHVntCdp8wXgqTpCqiqEZDnY4fpDm3pbbMnhCqYRoXS-V-DMujsaOSh9UX9Si4utTujuNVPul_nK-hnIbltu1zY0KLuMtL_ax8ws_RSuMLBeoZUiXW-1O-RaLyvrLct-D4Z56Tpw9U_kT3db4UPwyQ\" target=\"_blank\" rel=\"noreferrer noopener\"><\/a><br><strong>DIRETORA<\/strong><\/p>\n\n\n\n<p><a href=\"http:\/\/buscatextual.cnpq.br\/buscatextual\/visualizacv.do?id=K4779625H6&amp;tokenCaptchar=03AGdBq262axtxkpL0guTwcWEMkXOQgQ2VobyqxMN-s7LwCa7EV3NI0beSklGdxAlpuaeTA0AozhzYhQX0uo1aMsKVfb27hic8l8b7thm-p3bswD02zmL99wFRqkB6oNe_22gw1rmYp_CQ9MMl48Vl-41SRYhvCyv7NHoH-ypBrJU27PK-QjFFGpJmAr9zd0hNqxAhzjNYgtS2KUQ41P7sfJM0_u7Rb999EJM6I4yVklYnYNtl6X51koVtHY7XArVFSJluBftKA5z3zDpC1wqWM0GInpwd33JPd_XKzIik8Ch2rLygpe33TZJ7blqHz6PZwYWjwEA43pDdLwTgUGrqOnvrGGhPBbJf7P0IzKvRxLRctxiVCA8O7bIcwv-BlX0pXK78XaOhzWDEA1tOgQiNSQM7_GYe6J6FIW1tvXDqfDUr9cJIQnwhbXdJIZ7DOVRfdiKnDXmjsbHZ2NmPAhN0ohHw3Wkemq3akA\" target=\"_blank\" rel=\"noreferrer noopener\">ROBERTO RONDON<\/a><br><strong>VICE-DIRETOR<\/strong><\/p>\n\n\n\n<p><strong>CCHLA &#8211; CENTRO DE CI\u00caNCIAS HUMANAS, LETRAS E ARTES<\/strong><\/p>\n\n\n\n<p><a href=\"http:\/\/buscatextual.cnpq.br\/buscatextual\/visualizacv.do?id=K4703059U5&amp;tokenCaptchar=03AGdBq27pGXwUcSERChB966Tw4toOpwz1PeUSujogtMBIAxPmXOxZek6usmWuWxLNqFGR4QSdtDFRa7zStMCiLmAyg55cGrIcvixY-nm31mWeqdGUfBzcflHtfaXL0UNE8ZPJ3fsRq9JuzL-MI9FBsMA8VtIf0irmJvgBXEJi7YAHNxvRFg572487z9ctVpbuun2chTVjghyK5leW1sgZa6wWNEeVoNCGc9vPim3Ubyff5c3vRC_4qGG3w9HNQ5qaQ_hD7k5c_YLit4FROi6oEN-iawyBtsA__tifleeGPR2nROkU5IWcgv2oA0GD2PXLzLevPT_lSYgTq0JUcL_y05QfYNmxHSZWrr-2BV73ad14_miqf35nPG6GKvehQ9DxOJWttBiSgPYdZuZblIRF-eehGTmhikvVzMKduOe23qCj-wK2_pGbT7DM9NQM-JbSczU72Vk_G1s-q8Z8J977OTRphVCDksqTJw\" target=\"_blank\" rel=\"noreferrer noopener\">RODRIGO FREIRE DE CARVALHO E SILVA<\/a><a href=\"http:\/\/buscatextual.cnpq.br\/buscatextual\/visualizacv.do?id=K4727390U7&amp;tokenCaptchar=03AGdBq272RgBXzAt316yDaxrNQyc7PM3hUqGOadIlqKoR6Sc2t-TUfhnedFUVIqflk2EbanxNxqw8kwwBuQnsO2SHM_rjLgAwNmRZottMRdw1U8ISMnMJYfmWToX1YFjO3r0gJ9YczyyUHI4BKDkr7KhRm86RNHawzg2Hp3ZH7NKwH6zkYfCwHxn6kHVH2QvF7GRuhfCupvwmIfG0S48TuFKhnC55SFsJYwttctMJXZt6sUWg2o1OkpTbtv6CkoYdojvg9P1nJgKEZTTeP_Ey7qh1AKUFzO4ARoqmgdX4QVJ4_13A4296SamZmxuKQb5DQaM1b2szOAuVmvQldjuwcOzpUXmVG7RXYPbKT7EG_U8iJtPFVEKBp-44Xh1zcchXo5kROBQWlfU5NXeuBSo07LoC8ZkmbSlKnM42n2WPocveTySjkItnLJBDSNt0MuTh3NvwsuOIJh9vNPDKJ9glKfGHqhScXtrKuw\" target=\"_blank\" rel=\"noreferrer noopener\"><\/a><br><strong>DIRETOR<\/strong><\/p>\n\n\n\n<p><strong>CCEN &#8211; CENTRO DE CI\u00caNCIAS EXATAS E DA NATUREZA<\/strong><\/p>\n\n\n\n<p><a href=\"http:\/\/lattes.cnpq.br\/7281739070942782\" target=\"_blank\" rel=\"noreferrer noopener\"><br>M\u00c1RIO CESAR UGULINO DE ARA\u00daJO<br><\/a><strong>DIRETOR<\/strong><\/p>\n\n\n\n<p><strong>CCTA &#8211; CENTRO DE COMUNICA\u00c7\u00c3O, TURISMO E ARTES<\/strong><\/p>\n\n\n\n<p><a href=\"http:\/\/buscatextual.cnpq.br\/buscatextual\/visualizacv.do?id=K4295618E4&amp;tokenCaptchar=03AGdBq24FqTFdOpVWcD3Im7kjaPJ0kZLxbblCvschJcYmkZT_N4G_jqOsFqhkKr33lD0XfWgXJdqauHfWC5kUePku6L7QdO5tIX4GzH4krWAF5TN3Bwu_AtFZyMb92JWGEQD7ttCBeFeOwoQiEmjaFz1mi709z2pJc54herRpVO_4ys-6zoBcE81YZUNvJ1nPrr6-BkbWYiw_G_5kG_gQ6aIeocN5bk3gwcmt6BSY9B0JrNxex7f54NOg2W5TAxdkLX8cyKENag11F_XhdGb2eFvzpSC3v2mWNSr3wBHAEVva4L-ZCZKCxNQlRtlJCNh8pgxnN135F6G7RLQCPLe_EBv1tqObVPQOfR_aZR1-KlYkxdSX95PjNgh7m7FllW_cNRaH0UfpDjCEyBtdvL1ncBJjI8Ql6Hw-_bxIgkmlpuxldu8geuUvqNZG8p7cP5sWynlOrText2qMduTMIH8anU46fwTT-YwGEA\" target=\"_blank\" rel=\"noreferrer noopener\">ULISSES CARVALHO DA SILVA<\/a><\/p>\n\n\n\n<p><strong>DIRETOR<\/strong>&nbsp;<\/p>\n\n\n\n<p><a href=\"http:\/\/buscatextual.cnpq.br\/buscatextual\/visualizacv.do?id=K4763279D8\" target=\"_blank\" rel=\"noreferrer noopener\">FABIANA CARDOSO DE SIQUEIRA<\/a><\/p>\n\n\n\n<p><strong>VICE-DIRETORA<\/strong>&nbsp;<\/p>\n\n\n\n<p><strong>CEAR &#8211; CENTRO DE ENERGIAS ALTERNATIVAS E RENOV\u00c1VEIS<\/strong><\/p>\n\n\n\n<p><a href=\"http:\/\/buscatextual.cnpq.br\/buscatextual\/visualizacv.do?id=K4133473P4&amp;tokenCaptchar=03AGdBq25ZDTa3QjRRgIh1wInti6oZZF3KvoI7aLvR4hAfJ4B5Ja1oYICSS0-PGq_HT2-6bNTH2S_PSjkecFO7Wwi07viuuOGcIDg1ERQyUBpGKc0j22xc7LHNbNbCBsbcXBhJlNlIIeY4ypeEPnvfib801iBsOWS10VGMz1zUQWH3FpyO3PaEW9v6fGv6fUsiOchcl8irfjEkoN41M14que5z5v0naksMR6LRAihBaY5GMF7daX03SwZ4ayDxsfMovPqeeDzKroSjRPD-JM_gJKaupsaiCP4wEiGL--lzMCt0YOI_8KZXG0P77FyerxCheq-ktjdWWf0fyOJIfGAgMm3AHm_mWWS5rWAhpAJeqZu7d5Ber388VzyDJtm0-aDOXp5-LPOB8nAr2Idm8RNRsT6aMC7WYBTdNPUL5XseKXm0n-n0gPkrRO5IsZ2rbS2J1GOIaNC0UqRuN0399S8vxHqZYGVfmLhVag\" target=\"_blank\" rel=\"noreferrer noopener\">EULER C\u00c1SSIO TAVARES DE MACEDO<\/a><\/p>\n\n\n\n<p><strong>DIRETOR<\/strong>&nbsp;<\/p>\n\n\n\n<p><a href=\"http:\/\/buscatextual.cnpq.br\/buscatextual\/visualizacv.do?id=K4265061T7&amp;tokenCaptchar=03AGdBq263YkISygKo5XNkzq8YZ2rAPU_F11JHxFSaHjLNTFJViUY4FzJMiQSOEa4XNSQrwAgEWnBiD0mxxdbAVByGLMEieZAUoQ1gZ1WynwR2MHospsSoS0afjFnT30eJ_-atZTwuCA2kGOC4mze-pj8-Ts5aWFUx9_LaL7d9_NNag14_rMog1H1bTkF_eyKJ-ddGeXm69tPE_OCy0g9sOcVkKHm-KR96KiR4nRK5NzBZznzwDDDJBkMTDaynIt5aCQyPmICdBQhu3wbqN40yiILiI2rS-MDxU4g7LnlQzW4M5xR6FT1ev_F7kS2QDQWBmlpR1jLzO4c651so7gvq8sD3B358pArMS5sDlMt4WwM84lwy1H-ZM7bkgUdfyLktVv12jxs42ASdqQcWSzFrO7ABcWhDIQHvekiFdfvMCDErdCOIuAXskvKCKeXYvT72vFemoEXC-nIISCyBBTegKouoGzesRSj5QQ\" target=\"_blank\" rel=\"noreferrer noopener\">MAR\u00c7AL ROSAS F.LIMA FILHO<\/a><\/p>\n\n\n\n<p><strong>VICE-DIRETOR<\/strong><\/p>\n\n\n\n<p><strong>CI &#8211; CENTRO DE INFORM\u00c1TICA<\/strong><\/p>\n\n\n\n<p><a href=\"http:\/\/buscatextual.cnpq.br\/buscatextual\/visualizacv.do?id=K4735156Y4\" target=\"_blank\" rel=\"noreferrer noopener\">TIAGO MARITAN UG<\/a><a href=\"http:\/\/buscatextual.cnpq.br\/buscatextual\/visualizacv.do?id=K4735156Y4\" target=\"_blank\" rel=\"noreferrer noopener\">U<\/a><a href=\"http:\/\/buscatextual.cnpq.br\/buscatextual\/visualizacv.do?id=K4735156Y4\" target=\"_blank\" rel=\"noreferrer noopener\">LINO DE ARA\u00daJO<\/a><a href=\"http:\/\/buscatextual.cnpq.br\/buscatextual\/visualizacv.do?id=K4728178P6&amp;tokenCaptchar=03AGdBq24CzDp22SqcRGTe5eoEUNQ-whZ-k5N4IYyTG7E3tckXdJ1bxok1KEXqrYTntJcd0z3I29hE-qMMjX3vjkBm4CsP3osBvh3MwZnaYxwK6-3dR8EGK3-04uHL-K8yLj1zMCyPh7bhYtyE5iD-UjgkyvEPsLyV3919IpQJJ80iLNFvcx1RmhqjRWFOgfa2tkO3LKI9WHM57-mts-jCHHBGkoTMrGU2dYvU2HXCgbttzX72dzzuxiq03rRBehKc-Bt9NbjqiPfnnjg5ZQT6r6IRUSOnc8H1VQN8-ljZqADf6hdStn7f1hBC1Jk7N1lYZlqx1N5-8GTXaZDSlm6xgvMLgEyacedt_GwhHa8pjsQWtKoznZS7N6Rdmj9Fq5v_WCM5KBK-_zVJOeStO23Oxy3lSevhJgYRGIshxrPfdCTJ1ufg7z7ZzAyc7r8SZGFZwzrJ9N75wELU7apTar28vAQOrvjCDZ3muw\" target=\"_blank\" rel=\"noreferrer noopener\"><\/a><\/p>\n\n\n\n<p><strong>DIRETOR<\/strong><\/p>\n\n\n\n<p><a href=\"http:\/\/lattes.cnpq.br\/6321676636193625\" target=\"_blank\" rel=\"noreferrer noopener\">ALISSON VASCONCELOS DE BRITO<\/a><\/p>\n\n\n\n<p><strong>VICE-DIRETOR<\/strong>&nbsp;<\/p>\n\n\n\n<p><strong>CT &#8211; CENTRO DE TECNOLOGIA<\/strong><\/p>\n\n\n\n<p><a href=\"http:\/\/buscatextual.cnpq.br\/buscatextual\/visualizacv.do?id=K4268667E2\" target=\"_blank\" rel=\"noreferrer noopener\">MAR<\/a><a href=\"http:\/\/buscatextual.cnpq.br\/buscatextual\/visualizacv.do?id=K4268667E2\" target=\"_blank\" rel=\"noreferrer noopener\">CEL<\/a><a href=\"http:\/\/buscatextual.cnpq.br\/buscatextual\/visualizacv.do?id=K4268667E2\" target=\"_blank\" rel=\"noreferrer noopener\">&nbsp;DE GOIS PINTO<\/a><br><strong>DIRETOR<\/strong><\/p>\n\n\n\n<p><a href=\"http:\/\/lattes.cnpq.br\/6275517069065092\" target=\"_blank\" rel=\"noreferrer noopener\">ANA CL\u00c1UDIA F. MEDEIROS BRAGA<\/a><br><strong>VICE-DIRETORA<\/strong>&nbsp;<\/p>\n\n\n\n<p><strong>CTDR &#8211; CENTRO DE TECNOLOGIA E DESENVOLVIMENTO REGIONAL<\/strong><\/p>\n\n\n\n<p><a href=\"http:\/\/buscatextual.cnpq.br\/buscatextual\/visualizacv.do?id=K4721446T3\" target=\"_blank\" rel=\"noreferrer noopener\">JO\u00c3O ANDRADE DA SILVA<\/a><\/p>\n\n\n\n<p><strong>DIRETOR<\/strong>&nbsp;<\/p>\n\n\n\n<p><a href=\"http:\/\/buscatextual.cnpq.br\/buscatextual\/visualizacv.do?id=K4723069Y5&amp;tokenCaptchar=03AGdBq27eHjDflggBv4w93JB3DA4StkzySb3IvtLS6sIgVkP1N4blfUcrppsBXSNc6Jn6gPl9OtTKKzsASLae7X-XShLsJ-Pr1MRydgqDS3uTJDW1vC1dClPsQfzbRO82kWHAaPGZA3Jgzfkt6ct2_dYAtPAD9Xn5C-MD7jblAoBbbv_hgNIULlqkITXi1I5OHXvyjAKxVp-eHxrsGqz1CQjvN-KM9iQM9J0-626uIi4Ttkt3FKAwA13RUBdUluEgLLn4Z_BQbrNF8CjqaD6QLIMHijmKL9XqxQsjNG9XFi91Xq9IAZOdn9ZrwIO6UqNT9VyHfyKepUOKGmZrltyCap4sZLPCfYCME29xXDDarlXi1x-gFpM_uYclU4mLbg91nTaBhnneazHAT5_-PyQcIAWNDus_mSqxR7QBSBLvACQYp4LPpaZNsRIEQ7uPpFEYo27qzA4Row5ZvG_1EwfP4nV_G8JKHS8vMw\" target=\"_blank\" rel=\"noreferrer noopener\">JOS\u00c9 MARCELINO OLIVEIRA CAVALHEIRO<\/a><\/p>\n\n\n\n<p><strong>VICE-DIRETOR<\/strong><\/p>\n\n\n\n<p><strong>CCJ &#8211; CENTRO DE CI\u00caNCIAS JUR\u00cdDICAS<\/strong><\/p>\n\n\n\n<p><a href=\"http:\/\/buscatextual.cnpq.br\/buscatextual\/visualizacv.do?id=K4273914H9&amp;tokenCaptchar=03AGdBq26SMC-55471_I3PbUTyebZEQpjYy9f-cQN9bBV_SWcnrk8iFWKgBmIaBgCl8j3oqTR-jwa9LNEva5Sb9q9EsmMQQeYcUw7Ld71GyL9mW8uZL73f4Pn6SwNRK6OvSjuyh8KigLnBJmjQRsvPl2WCD6twqFsokpKjs3uZsKqZkoq_a4lgjGLq6FXSFF0arxkc1tagpsHj_hWiyvo6--6-EjRFe3Q8W1skWMFQpneh0nqe-Ao-neFpkrpspwyc6BGHb7salc2VTYcuHT-V38TlGHWtevtdurtvDpa8dmkNVkXCrpfhX7l_WwVjZ1ZU1vvRHn-QayJKbnyalz23PMPzmQ9VJCPb_uucOeLZe3rfKpFMAWHW7DDysMKuxV82j9ZOqjXk2XXWgGbd9QZ-uhhalGKUXVM0d3RXIZfV4Kv00k1Ara7jE-L1nD7HiqiVzl5zbFP9k9Y6aLHynmY7h700q59fPBz76g\" target=\"_blank\" rel=\"noreferrer noopener\">ANNE AUGUSTA ALENCAR LEITE REINALDO<\/a><br><strong>DIRETORA<\/strong><\/p>\n\n\n\n<p><a href=\"http:\/\/buscatextual.cnpq.br\/buscatextual\/visualizacv.do?id=K4200790U6&amp;tokenCaptchar=03AGdBq26zFR42iJ2X6SoN2zoGhrvCv89akOXL5wHYGREafMdwmdbOfmjkIrmh1lwSALNLd4b2uxUoXgugBg1Dnjmnjor8LUUxU-qCienhivPL7kj2HSjZHAdRcaXCqtyYFdo5A1z8Zs69MgakqlsleuSgRbl0g5lIJSGawmZsv3g9sfw9EkTwbhOVmmJjTs2Q2S5WFWjP0ziviO1o4n-vjA86eLwdIqoY432htYhyyZU3qPkxZ-Lz6W21GqfiUdfZZIZhINe2ondUsRe2zEbYa_UGpiI4iFK_iQxOeONvdjuHy8YDvYUAz1aIhTYJqJo8ar4i4aIUaLc41ZviyvVDGF1-FzXt11iMlPzzV05Nlz9z55o7oq6kxA507UmlELOmkecXSymCBnGduKNFAlvZTawhjzln7vg6yw3p2Ip0ebSy8i2bF2Fg_gJnWwZIyCGvtCXumFVgaG0J\" target=\"_blank\" rel=\"noreferrer noopener\">DU\u00cdNA MOTA DE FIGUEIREDO PORTO<\/a><br><strong>VICE-DIRETORA<\/strong>&nbsp;<\/p>\n\n\n\n<p><strong>CCS &#8211; CENTRO DE CI\u00caNCIAS DA SA\u00daDE<\/strong><\/p>\n\n\n\n<p><a href=\"http:\/\/lattes.cnpq.br\/5942078371448464\" target=\"_blank\" rel=\"noreferrer noopener\">JO\u00c3O EUCLIDES FERNANDES BRAGA<\/a><a href=\"http:\/\/buscatextual.cnpq.br\/buscatextual\/visualizacv.do?id=K4779207Z0&amp;tokenCaptchar=03AGdBq24ZpprJW5sjUuClAMQ8JuJwMSkTvnVKmARytpO4Pai3Tnrh8mJC1WVLFph0F-djqSNPeBBhsfQdXH7QvFNYmBvnNqCr4dP45DITqDkcHiYo82XO-o10GyJdZP7zS3XnBJmKwxgtYoaClRCk178rod_lxbrABX91HM9vi9B1wTyxxhGUzVqglun__329z1YrJHyTqAhZkZD6QbdxFiRvzQzUb5SZ-qj7EL3QvEE58e2AKCa3Ce8qle-Njt3QSNuVNoWiN4yhjN6GaFeOMX4hMwRwRv7BRjqhoDNb7p9xYGrAFa-F-ChPkyHlV--RBImvvn4oYLeKAw59ghNix6hBX5BgCa7DIKxanqMQgphCXhrTyiAiGkO1dZJnVXYYd_a2j0qXASi2BcKWJ47Dxt2BMXfZ-1Z1CUzD6iwf3rbltW2HPNDy9iWh1XRs7v1R83QooVEAMua_\" target=\"_blank\" rel=\"noreferrer noopener\"><br><\/a><strong>DIRETOR<\/strong>&nbsp;<\/p>\n\n\n\n<p><a href=\"http:\/\/buscatextual.cnpq.br\/buscatextual\/visualizacv.do?id=K4779207Z0&amp;tokenCaptchar=03AGdBq24ZpprJW5sjUuClAMQ8JuJwMSkTvnVKmARytpO4Pai3Tnrh8mJC1WVLFph0F-djqSNPeBBhsfQdXH7QvFNYmBvnNqCr4dP45DITqDkcHiYo82XO-o10GyJdZP7zS3XnBJmKwxgtYoaClRCk178rod_lxbrABX91HM9vi9B1wTyxxhGUzVqglun__329z1YrJHyTqAhZkZD6QbdxFiRvzQzUb5SZ-qj7EL3QvEE58e2AKCa3Ce8qle-Njt3QSNuVNoWiN4yhjN6GaFeOMX4hMwRwRv7BRjqhoDNb7p9xYGrAFa-F-ChPkyHlV--RBImvvn4oYLeKAw59ghNix6hBX5BgCa7DIKxanqMQgphCXhrTyiAiGkO1dZJnVXYYd_a2j0qXASi2BcKWJ47Dxt2BMXfZ-1Z1CUzD6iwf3rbltW2HPNDy9iWh1XRs7v1R83QooVEAMua_\" target=\"_blank\" rel=\"noreferrer noopener\">FABIANO GONZAGA RODRIGUES<\/a><br><strong>VICE-DIRETOR<\/strong><\/p>\n\n\n\n<p><strong>CCM &#8211; CENTRO DE CI\u00caNCIAS M\u00c9DICAS<\/strong><\/p>\n\n\n\n<p><a href=\"http:\/\/lattes.cnpq.br\/1409052578771992\" target=\"_blank\" rel=\"noreferrer noopener\">JOS\u00c9 GIVALDO MELQU\u00cdADES DE MEDEIROS<\/a><br><strong>DIRETOR<\/strong><\/p>\n\n\n\n<p><a href=\"http:\/\/buscatextual.cnpq.br\/buscatextual\/visualizacv.do?id=K4787127P7&amp;tokenCaptchar=03AGdBq25-SMXUMkESunJX2LxwBaqEw0rvyiQgsL4YOHg9FVAtHqMenqwpWw4Hqycq40V66JGvAp-XLhrQVzmta929muLjvWOiXJ3PXTe-Q52od46xIhHyHMNcAeSWZj1oAbQ6DwZPrt_4qGOk0oR9Qj-Cxuv4WZwQsiF-Vq5Va2Euo7eQvv4vqcRlJQxSzv6XBVQEpSiavRcN4OE23eDWiT9FbqFsRMCkRlw2x_vJ7AZ2Avz0IeT9taaBTNLYnf11dZz7l4sUEN1fTJrv3BTuIdYN4pdiQoTELloSxFx_03i56IZs4bJX71SH2_T2Y6mWFU2-0flN3t9HLxnSO1T2bdArYWVXlajCECrHn-roxxDC-3MKAs6q9mu6rC6WccOqKpZG3msh_oPg7Ar2UTrUq4rg2BMBR9gA_2-gYFCDQZEnDYW34ZM2YRaC5hP7onjXW00x0QmLVsDBYsJ3pS_FnQV92kzv-pOsXQ\" target=\"_blank\" rel=\"noreferrer noopener\">EDUARDO S\u00c9RGIO SOARES SOUSA<\/a><a href=\"http:\/\/buscatextual.cnpq.br\/buscatextual\/visualizacv.do?id=K4778582Z4&amp;tokenCaptchar=03AGdBq26bXrrT9Ug0GKK28dB17bUnNqPyPmlQx5pag1l-dV2QFsSnY0fVbzwD5X0N7XHajxTNccjgbgvN2w87P1K0LrRWSdCEHxC4XvFnxkTYGOVIoMYc-Swsp_Zi1jxsOapkXwZ9CmWZqIb_u5HUK7ydCKTOg_zV2HPCc-bSCAZ8FxtzwYI-koHGoanJVjfKUd2rURQJTsIl9ldHJHSCfLsMyrDElk6U_bMbxzWBscFLkbAauuUw7mDG4Dk855bJPb-a1YXXz3FsFMQZIY03zMU4CGzOJUpGeOQ2xamb7KxgEwJyPf9VEDWYi3oXAHErOn_aQueMF_hiNBewhs-a6T9ZDC35jH_59lpLjj61oNDLW4XGZhrysSmB6tszXEbC9tv_K6xwSy0QGRN1WPEEcMWhioZ6DGiJ7YEuABoDArfEaEbrv1ZiyUX7U-YERw05eZlN_kmWC4SD\" target=\"_blank\" rel=\"noreferrer noopener\"><\/a><br><strong>VICE-DIRETOR<\/strong><\/p>\n\n\n\n<p><strong>CPT\/ETS \u2013 CENTRO PROFISSIONAL E TECNOL\u00d3GICO\/ESCOLA T\u00c9CNICA DE SA\u00daDE<\/strong><\/p>\n\n\n\n<p><a href=\"http:\/\/buscatextual.cnpq.br\/buscatextual\/visualizacv.do?id=K4766194Z0&amp;tokenCaptchar=03AGdBq27CuGCU8k2NDFj5PNkH7npmLwQEsUhLEK1EnZhV_sdfWJvW-Rr-P0XBx8KMLJ8QD6KxiDrUCWvSufP536C5SteSflYzQuuEtkuThnu9nhcgExXav0BqYg-y2bsuW9khBKcTBmGarvQPniZ0gpgXsQJGxiPY1Kxe3W3iFXfHtbdzYZ1ofIzvsQ7MbSo9F4i2ENMG5ipghjR4gR_OMG0LSnbBXAd2iOwSBahrV2ihFBfXENNSfpSV2FU_zcki9qjrIw5zEL7SyU2-qv12dbbZlj9IpD8poVkQo4aa8jg0JDlNLnvopWsIRW01rACVh_kNK69lunE68z_2jyL1r7TTMdOPrOML9K0QDfno5bfGqXDcJYCEyRemQh2G9pC98Nnzv23_brpvru--ZHDyQ6l_hRvOxzaZNHeG3Xcc1kDdZrTN7mNhx__VK9vrV7HwE_aZeyzv0zOViP-8D8NxaH_lXUYNzfe8Mw\" target=\"_blank\" rel=\"noreferrer noopener\">MARIA SORAYA PEREIRA FRANCO ADRIANO<\/a><br><strong>DIRETORA<\/strong><\/p>\n\n\n\n<p><a href=\"http:\/\/lattes.cnpq.br\/0015458283423542\" target=\"_blank\" rel=\"noreferrer noopener\">FABIA DANIELLE SALES CUNHA MEDEIROS E SILVA<\/a><br><strong>VICE-DIRETORA<\/strong>&nbsp;<\/p>\n\n\n\n<p><strong>CAMPUS II<\/strong><\/p>\n\n\n\n<p class=\" \"><strong>CCA &#8211; CENTRO DE CI\u00caNCIAS AGR\u00c1RIAS<\/strong><\/p>\n\n\n\n<p class=\" \"><a href=\"http:\/\/lattes.cnpq.br\/5131375455591026\" target=\"_blank\" rel=\"noreferrer noopener\">BRUNO DE OLIVEIRA DIAS<\/a><br><strong>DIRETOR<\/strong><\/p>\n\n\n\n<p><a href=\"http:\/\/lattes.cnpq.br\/8567752512110918\" target=\"_blank\" rel=\"noreferrer noopener\">FELIPE NAEL SEIXAS<\/a><br><strong>VICE-DIRETOR<\/strong><\/p>\n\n\n\n<p><strong>CAMPUS III<\/strong><\/p>\n\n\n\n<p><strong><\/strong><strong>CCHSA &#8211; CENTRO DE CI\u00caNCIAS HUMANAS, SOCIAIS E AGR\u00c1RIAS<\/strong><\/p>\n\n\n\n<p><a href=\"http:\/\/buscatextual.cnpq.br\/buscatextual\/visualizacv.do?id=K4704525E5\" target=\"_blank\" rel=\"noreferrer noopener\">FABR\u00cdCIA SOUSA MONTENEGRO<br><\/a><strong>DIRETORA<\/strong><\/p>\n\n\n\n<p><a href=\"http:\/\/lattes.cnpq.br\/6390620812252866\" target=\"_blank\" rel=\"noreferrer noopener\">OT\u00c1VIO DO CARMO DE OLIVEIRA NETO<\/a><br><strong>VICE-DIRETOR<\/strong><\/p>\n\n\n\n<p><strong>CAVN&nbsp;\u2013 COL\u00c9GIO AGR\u00cdCOLA VIDAL DE NEGREIROS<\/strong><\/p>\n\n\n\n<p><a href=\"http:\/\/buscatextual.cnpq.br\/buscatextual\/visualizacv.do?id=K4794158E7&amp;tokenCaptchar=03AGdBq27iDFYdZJp7MJvOWF68gXz6auel6_IeGT5eW4u3qPTGUuhMW_NWvi2MmKKXdkdFNnCR9A0GLaeiQFyPh_zuzyadW1g38b-y7V7HTYuYrZAopESgDNrCxxvougLJynacezqfFZ4zWHHc4rHB1e-zJZih9YlsO_y0D011pZxFrnhGDEGojes8sjaxe7rGYLbefAQ6VkUFfJg3ABaMSPSkM8iLWaEd6SJWy7BDuxAsWjS9FIixRQ39X1Jys5yTsAaKTsBHJgg_ML-c4qGSXLUuXPTgjW3wPwY0TZvrWE7uHGuxSbc-9XBppXaAcAIcD63b3cJOodgfh54uxYB0lcakKGZSNJBHnLLT6zeOxTdvN6CGOOrCgIWsSCByqGfyj2-8bvNg9NngyYvcHiueb6_WaLCkbJ8sRfvBtYiks9bTmZVbD9wDFyx0IJcd-clUCLRSY-iMtYy3ejH718fqxG7nTlsG7HOxUA\" target=\"_blank\" rel=\"noreferrer noopener\">EDVALDO MESQUITA BELTR\u00c3O FILHO<\/a><br><strong>DIRETOR<\/strong><\/p>\n\n\n\n<p><a href=\"http:\/\/buscatextual.cnpq.br\/buscatextual\/visualizacv.do?id=K4776794E2&amp;tokenCaptchar=03AGdBq26xHjHP2PClTHJYHSnKSBdiP4_66bOC66u1IcCKzznBs2p99eKZW_GZE8zte0vfgkI3tUeoo6qp4hN-y2tLdr1YBh-2A5u0N1Yz-_T6bhaUrfXif0H-PcO_wtAQmlRzVPIGNG-4OXhRgAdirY5QSyJ5PGgxI5ZfLRi9PuZCJ42HwUwJirUrWXGW_z21NbP-EPJh-JfRXbqDF-kbZlxpjN56jvYv3qQ67Vv9t_bmxCvWEDzjRIKauPvf9LWY-w28jX886WC7Ie73HXsPrzsL230WHaOgWKzJBMyPg_uyZ4dkB8Aam7kP_K5UpCX6gMSnO2-JTbuIEfyoNyKxLUkM-dAjevmawr5IFk2zJnVfKDGDWueZ57hxT4mdJ0BxtNquOuULNjPJ0sA8feJ8fJGpmfPSNUbIOOri03nYNeuqNjmjQp3JnFK1H6X08tgPfoO-sBMDY0n3\" target=\"_blank\" rel=\"noreferrer noopener\">RODRIGO RONE<\/a><a href=\"http:\/\/buscatextual.cnpq.br\/buscatextual\/visualizacv.do?id=K4776794E2&amp;tokenCaptchar=03AGdBq26xHjHP2PClTHJYHSnKSBdiP4_66bOC66u1IcCKzznBs2p99eKZW_GZE8zte0vfgkI3tUeoo6qp4hN-y2tLdr1YBh-2A5u0N1Yz-_T6bhaUrfXif0H-PcO_wtAQmlRzVPIGNG-4OXhRgAdirY5QSyJ5PGgxI5ZfLRi9PuZCJ42HwUwJirUrWXGW_z21NbP-EPJh-JfRXbqDF-kbZlxpjN56jvYv3qQ67Vv9t_bmxCvWEDzjRIKauPvf9LWY-w28jX886WC7Ie73HXsPrzsL230WHaOgWKzJBMyPg_uyZ4dkB8Aam7kP_K5UpCX6gMSnO2-JTbuIEfyoNyKxLUkM-dAjevmawr5IFk2zJnVfKDGDWueZ57hxT4mdJ0BxtNquOuULNjPJ0sA8feJ8fJGpmfPSNUbIOOri03nYNeuqNjmjQp3JnFK1H6X08tgPfoO-sBMDY0n3\" target=\"_blank\" rel=\"noreferrer noopener\">L<\/a><a href=\"http:\/\/buscatextual.cnpq.br\/buscatextual\/visualizacv.do?id=K4776794E2&amp;tokenCaptchar=03AGdBq26xHjHP2PClTHJYHSnKSBdiP4_66bOC66u1IcCKzznBs2p99eKZW_GZE8zte0vfgkI3tUeoo6qp4hN-y2tLdr1YBh-2A5u0N1Yz-_T6bhaUrfXif0H-PcO_wtAQmlRzVPIGNG-4OXhRgAdirY5QSyJ5PGgxI5ZfLRi9PuZCJ42HwUwJirUrWXGW_z21NbP-EPJh-JfRXbqDF-kbZlxpjN56jvYv3qQ67Vv9t_bmxCvWEDzjRIKauPvf9LWY-w28jX886WC7Ie73HXsPrzsL230WHaOgWKzJBMyPg_uyZ4dkB8Aam7kP_K5UpCX6gMSnO2-JTbuIEfyoNyKxLUkM-dAjevmawr5IFk2zJnVfKDGDWueZ57hxT4mdJ0BxtNquOuULNjPJ0sA8feJ8fJGpmfPSNUbIOOri03nYNeuqNjmjQp3JnFK1H6X08tgPfoO-sBMDY0n3\" target=\"_blank\" rel=\"noreferrer noopener\">LI DUARTE DE ANDRADE<\/a><br><strong>VICE-DIRETOR<\/strong>&nbsp;<\/p>\n\n\n\n<p><strong>CAMPUS IV<\/strong><\/p>\n\n\n\n<p><strong>CCAE &#8211; CENTRO DE CI\u00caNCIAS APLICADAS E EDUCA\u00c7\u00c3O<\/strong><\/p>\n\n\n\n<p><a href=\"http:\/\/lattes.cnpq.br\/6415930246361958\" target=\"_blank\" rel=\"noreferrer noopener\">JOSEILME FERNANDES GOUVEIA<\/a><br><strong>DIRETOR<\/strong><\/p>\n\n\n\n<p><a href=\"http:\/\/lattes.cnpq.br\/7878109465968138\" target=\"_blank\" rel=\"noreferrer noopener\">FERNANDA MARQUES DE ALMEIDA HOLANDA<\/a><br><strong>VICE-DIRETORA<\/strong><\/p>\n","protected":false},"excerpt":{"rendered":"<p>TEREZINHA DOMICIANO DANTAS MARTINS&nbsp; &nbsp; &nbsp; &nbsp; &nbsp; &nbsp; &nbsp; &nbsp; &nbsp; &nbsp; &nbsp; &nbsp; [&hellip;]<\/p>\n","protected":false},"author":47,"featured_media":0,"parent":0,"menu_order":0,"comment_status":"closed","ping_status":"closed","template":"","meta":{"footnotes":""},"class_list":["post-19","page","type-page","status-publish","hentry"],"_links":{"self":[{"href":"https:\/\/www.ccen.ufpb.br\/cccb\/wp-json\/wp\/v2\/pages\/19","targetHints":{"allow":["GET"]}}],"collection":[{"href":"https:\/\/www.ccen.ufpb.br\/cccb\/wp-json\/wp\/v2\/pages"}],"about":[{"href":"https:\/\/www.ccen.ufpb.br\/cccb\/wp-json\/wp\/v2\/types\/page"}],"author":[{"embeddable":true,"href":"https:\/\/www.ccen.ufpb.br\/cccb\/wp-json\/wp\/v2\/users\/47"}],"replies":[{"embeddable":true,"href":"https:\/\/www.ccen.ufpb.br\/cccb\/wp-json\/wp\/v2\/comments?post=19"}],"version-history":[{"count":1,"href":"https:\/\/www.ccen.ufpb.br\/cccb\/wp-json\/wp\/v2\/pages\/19\/revisions"}],"predecessor-version":[{"id":20,"href":"https:\/\/www.ccen.ufpb.br\/cccb\/wp-json\/wp\/v2\/pages\/19\/revisions\/20"}],"wp:attachment":[{"href":"https:\/\/www.ccen.ufpb.br\/cccb\/wp-json\/wp\/v2\/media?parent=19"}],"curies":[{"name":"wp","href":"https:\/\/api.w.org\/{rel}","templated":true}]}}