{"id":16,"date":"2026-04-20T09:59:48","date_gmt":"2026-04-20T12:59:48","guid":{"rendered":"https:\/\/www.ccen.ufpb.br\/bsccen\/?page_id=16"},"modified":"2026-04-23T19:09:15","modified_gmt":"2026-04-23T22:09:15","slug":"sobre-nos","status":"publish","type":"page","link":"https:\/\/www.ccen.ufpb.br\/bsccen\/sobre-nos\/","title":{"rendered":"Hist\u00f3rico"},"content":{"rendered":"\n<p>A constru\u00e7\u00e3o da Biblioteca Setorial do Centro de Ci\u00eancias Exatas e da Natureza (CCEN) teve in\u00edcio em 2007, com o intuito de unificar os acervos de todas as bibliotecas departamentais do CCEN: Inform\u00e1tica, F\u00edsica, Matem\u00e1tica, Qu\u00edmica, Geografia, Biologia, Sistem\u00e1tica e Ecologia. Em 2008, iniciou-se o processo de implanta\u00e7\u00e3o da Biblioteca Setorial do CCEN. Medida ocorrida na gest\u00e3o do Professor Doutor Jos\u00e9 Antonio Cre\u00e3o Duarte, diretor do CCEN \u00e0quela \u00e9poca.<\/p>\n\n\n\n<p>Durante o per\u00edodo compreendido entre setembro de 2008 e fevereiro de 2009, iniciou-se o processo de registro patrimonial do acervo vindo da bibliotecas departamentais do Centro, exceto o acervo bibliogr\u00e1fico da biblioteca de Qu\u00edmica que j\u00e1 possu\u00eda em seus livros os n\u00fameros de patrim\u00f4nio disponibilizado Biblioteca Central da UFPB. Em novembro de 2008, houve a instala\u00e7\u00e3o da internet que possibilitou a inclus\u00e3o do acervo no Sistema de Automa\u00e7\u00e3o de Bibliotecas, denominado Ortodocs.<\/p>\n\n\n\n<p>Estamos divididas em dois pavimentos (T\u00e9rreo e primeiro andar).<\/p>\n\n\n\n<p><img decoding=\"async\" src=\"http:\/\/plone.ufpb.br\/bsccen\/contents\/imagens\/BibliotecaSetorialdoCCENUFPOBPostdoInstagramquadrado.jpg\/@@images\/dd42c000-4629-4e98-badc-44cb9d9eda71.jpeg\" alt=\"foto entrada biblioteca\">O primeiro pavimento \u00e9 constitu\u00eddo pela recep\u00e7\u00e3o, guarda-volumes, circula\u00e7\u00e3o (onde s\u00e3o realizados os servi\u00e7os de empr\u00e9stimos, renova\u00e7\u00e3o e devolu\u00e7\u00e3o de livros e uma parte do acervo circulante), \u00e1rea para estudo individual, bancada para uso&nbsp;de computadores, pegue-Leve (espa\u00e7o de doa\u00e7\u00e3o de materiais informacionais para a comunidade acad\u00eamica), banheiros e bebedouro. Ainda no primeiro pavimento concentram-se os servi\u00e7os t\u00e9cnicos, administrativos e de restaura\u00e7\u00e3o realizados pelas bibliotec\u00e1rias, bem como o acervo de refer\u00eancia, trabalhos de conclus\u00e3o de curso e acervo de desbaste.<\/p>\n\n\n\n<p>O segundo pavimento \u00e9 composto de parte do acervo circulante, \u00e1rea com mesas e cadeiras para estudo individual e coletivo e uma sala para estudos em grupo.<\/p>\n\n\n\n<p>A biblioteca setorial do CCEN oferece \u00e0 comunidade acad\u00eamica uma diversidade de servi\u00e7os para atender \u00e0s necessidades informacionais dos usu\u00e1rios do CCEN. Conta com uma equipe capacitada com foco na melhoria das condi\u00e7\u00f5es para viabilizar pesquisas e dar subs\u00eddios aos usu\u00e1rios tornando-os autossuficientes e capacitados na busca e na produ\u00e7\u00e3o de informa\u00e7\u00f5es cient\u00edficas.<\/p>\n\n\n\n<h2 class=\"wp-block-heading\"><div class=\"linha-header\">Miss\u00e3o<\/div><\/h2>\n\n\n\n<p>Dar suporte informacional ao ensino, \u00e0 pesquisa e a extens\u00e3o do Centro de Ci\u00eancias Exatas e da Natureza, da Universidade Federal da Para\u00edba.&nbsp;<\/p>\n\n\n\n<h2 class=\"wp-block-heading\"><div class=\"linha-header\">Vis\u00e3o<\/div><\/h2>\n\n\n\n<p>Ser reconhecida como atendimento de excel\u00eancia \u00e0s necessidades informacionais da comunidade acad\u00eamica do CCEN.<\/p>\n","protected":false},"excerpt":{"rendered":"<p>A constru\u00e7\u00e3o da Biblioteca Setorial do Centro de Ci\u00eancias Exatas e da Natureza (CCEN) teve [&hellip;]<\/p>\n","protected":false},"author":47,"featured_media":0,"parent":0,"menu_order":0,"comment_status":"closed","ping_status":"closed","template":"","meta":{"footnotes":""},"class_list":["post-16","page","type-page","status-publish","hentry"],"_links":{"self":[{"href":"https:\/\/www.ccen.ufpb.br\/bsccen\/wp-json\/wp\/v2\/pages\/16","targetHints":{"allow":["GET"]}}],"collection":[{"href":"https:\/\/www.ccen.ufpb.br\/bsccen\/wp-json\/wp\/v2\/pages"}],"about":[{"href":"https:\/\/www.ccen.ufpb.br\/bsccen\/wp-json\/wp\/v2\/types\/page"}],"author":[{"embeddable":true,"href":"https:\/\/www.ccen.ufpb.br\/bsccen\/wp-json\/wp\/v2\/users\/47"}],"replies":[{"embeddable":true,"href":"https:\/\/www.ccen.ufpb.br\/bsccen\/wp-json\/wp\/v2\/comments?post=16"}],"version-history":[{"count":2,"href":"https:\/\/www.ccen.ufpb.br\/bsccen\/wp-json\/wp\/v2\/pages\/16\/revisions"}],"predecessor-version":[{"id":136,"href":"https:\/\/www.ccen.ufpb.br\/bsccen\/wp-json\/wp\/v2\/pages\/16\/revisions\/136"}],"wp:attachment":[{"href":"https:\/\/www.ccen.ufpb.br\/bsccen\/wp-json\/wp\/v2\/media?parent=16"}],"curies":[{"name":"wp","href":"https:\/\/api.w.org\/{rel}","templated":true}]}}